{"id":237,"date":"2020-01-26T17:27:08","date_gmt":"2020-01-26T16:27:08","guid":{"rendered":"https:\/\/whisky-cigar-ambassador.de\/?page_id=237"},"modified":"2025-08-12T10:49:08","modified_gmt":"2025-08-12T09:49:08","slug":"datenschutz","status":"publish","type":"page","link":"https:\/\/whisky-cigar-ambassador.de\/?page_id=237","title":{"rendered":"Datenschutz"},"content":{"rendered":"\n<p><strong>Datenschutzerkl\u00e4rung<\/strong> (DSGVO)<\/p>\n\n\n\n<p>Wir freuen\nuns sehr \u00fcber Ihr Interesse an unserem Unternehmen. Datenschutz hat einen\nbesonders hohen Stellenwert f\u00fcr die Gesch\u00e4ftsleitung von <em>Whisky &amp; Cigar\nAmbassador by Dirk James Vetter<\/em>. Eine Nutzung der Internetseiten von <em>Whisky\n&amp; Cigar Ambassador by Dirk James Vetter<\/em> ist grunds\u00e4tzlich ohne jede\nAngabe personenbezogener Daten m\u00f6glich. Sofern eine betroffene Person besondere\nServices unseres Unternehmens \u00fcber unsere Internetseite in Anspruch nehmen\nm\u00f6chte, k\u00f6nnte jedoch eine Verarbeitung personenbezogener Daten erforderlich\nwerden. Ist die Verarbeitung personenbezogener Daten erforderlich und besteht\nf\u00fcr eine solche Verarbeitung keine gesetzliche Grundlage, holen wir generell\neine Einwilligung der betroffenen Person ein.<\/p>\n\n\n\n<p>Die\nVerarbeitung personenbezogener Daten, beispielsweise des Namens, der Anschrift,\nE-Mail-Adresse oder Telefonnummer einer betroffenen Person, erfolgt stets im\nEinklang mit der Datenschutz-Grundverordnung und in \u00dcbereinstimmung mit den f\u00fcr\n<em>Whisky &amp; Cigar Ambassador by Dirk James Vetter<\/em> geltenden\nlandesspezifischen Datenschutzbestimmungen. Mittels dieser Datenschutzerkl\u00e4rung\nm\u00f6chte unser Unternehmen die \u00d6ffentlichkeit \u00fcber Art, Umfang und Zweck der von\nuns erhobenen, genutzten und verarbeiteten personenbezogenen Daten informieren.\nFerner werden betroffene Personen mittels dieser Datenschutzerkl\u00e4rung \u00fcber die\nihnen zustehenden Rechte aufgekl\u00e4rt.<\/p>\n\n\n\n<p><em>Whisky &amp;\nCigar Ambassador by Dirk James Vetter<\/em> hat als f\u00fcr die Verarbeitung Verantwortlicher\nzahlreiche technische und organisatorische Ma\u00dfnahmen umgesetzt, um einen\nm\u00f6glichst l\u00fcckenlosen Schutz der \u00fcber diese Internetseite verarbeiteten\npersonenbezogenen Daten sicherzustellen. Dennoch k\u00f6nnen Internetbasierte\nDaten\u00fcbertragungen grunds\u00e4tzlich Sicherheitsl\u00fccken aufweisen, sodass ein\nabsoluter Schutz nicht gew\u00e4hrleistet werden kann. Aus diesem Grund steht es\njeder betroffenen Person frei, personenbezogene Daten auch auf alternativen\nWegen, beispielsweise telefonisch, an uns zu \u00fcbermitteln.<\/p>\n\n\n\n<p><strong>1.\nBegriffsbestimmungen<\/strong><br>\nDie Datenschutzerkl\u00e4rung von <em>Whisky &amp; Cigar Ambassador by Dirk James\nVetter<\/em> beruht auf den Begrifflichkeiten, die durch den Europ\u00e4ischen\nRichtlinien- und Verordnungsgeber beim Erlass der Datenschutz-Grundverordnung\n(DSGVO) verwendet wurden. Unsere Datenschutzerkl\u00e4rung soll sowohl f\u00fcr die\n\u00d6ffentlichkeit als auch f\u00fcr unsere Kunden und Gesch\u00e4ftspartner einfach lesbar\nund verst\u00e4ndlich sein. Um dies zu gew\u00e4hrleisten, m\u00f6chten wir vorab die\nverwendeten Begrifflichkeiten erl\u00e4utern.<\/p>\n\n\n\n<p>Wir\nverwenden in dieser Datenschutzerkl\u00e4rung unter anderem die folgenden Begriffe:<\/p>\n\n\n\n<p><em>a)&nbsp;&nbsp;&nbsp;\npersonenbezogene Daten<\/em><br>\nPersonenbezogene Daten sind alle Informationen, die sich auf eine\nidentifizierte oder identifizierbare nat\u00fcrliche Person (im Folgenden\n\u201ebetroffene Person\u201c) beziehen. Als identifizierbar wird eine nat\u00fcrliche Person\nangesehen, die direkt oder indirekt, insbesondere mittels Zuordnung zu einer\nKennung wie einem Namen, zu einer Kennnummer, zu Standortdaten, zu einer\nOnline-Kennung oder zu einem oder mehreren besonderen Merkmalen, die Ausdruck\nder physischen, physiologischen, genetischen, psychischen, wirtschaftlichen,\nkulturellen oder sozialen Identit\u00e4t dieser nat\u00fcrlichen Person sind,\nidentifiziert werden kann.<\/p>\n\n\n\n<p><em>b)&nbsp;&nbsp;&nbsp;\nbetroffene Person<\/em><br>\nBetroffene Person ist jede identifizierte oder identifizierbare nat\u00fcrliche\nPerson, deren personenbezogene Daten von dem f\u00fcr die Verarbeitung\nVerantwortlichen verarbeitet werden.<\/p>\n\n\n\n<p><em>c)&nbsp;&nbsp;&nbsp;\nVerarbeitung<\/em><br>\nVerarbeitung ist jeder mit oder ohne Hilfe automatisierter Verfahren\nausgef\u00fchrte Vorgang oder jede solche Vorgangsreihe im Zusammenhang mit\npersonenbezogenen Daten wie das Erheben, das Erfassen, die Organisation, das\nOrdnen, die Speicherung, die Anpassung oder Ver\u00e4nderung, das Auslesen, das\nAbfragen, die Verwendung, die Offenlegung durch \u00dcbermittlung, Verbreitung oder\neine andere Form der Bereitstellung, den Abgleich oder die Verkn\u00fcpfung, die\nEinschr\u00e4nkung, das L\u00f6schen oder die Vernichtung.<\/p>\n\n\n\n<p><em>d)&nbsp;&nbsp;&nbsp;\nEinschr\u00e4nkung der Verarbeitung<\/em><br>\nEinschr\u00e4nkung der Verarbeitung ist die Markierung gespeicherter\npersonenbezogener Daten mit dem Ziel, ihre k\u00fcnftige Verarbeitung einzuschr\u00e4nken.<\/p>\n\n\n\n<p><em>e)&nbsp;&nbsp;&nbsp;\nProfiling<\/em><br>\nProfiling ist jede Art der automatisierten Verarbeitung personenbezogener\nDaten, die darin besteht, dass diese personenbezogenen Daten verwendet werden,\num bestimmte pers\u00f6nliche Aspekte, die sich auf eine nat\u00fcrliche Person beziehen,\nzu bewerten, insbesondere, um Aspekte bez\u00fcglich Arbeitsleistung,\nwirtschaftlicher Lage, Gesundheit, pers\u00f6nlicher Vorlieben, Interessen,\nZuverl\u00e4ssigkeit, Verhalten, Aufenthaltsort oder Ortswechsel dieser nat\u00fcrlichen\nPerson zu analysieren oder vorherzusagen.<\/p>\n\n\n\n<p>f)&nbsp;&nbsp;&nbsp;&nbsp;\nPseudonymisierung<br>\nPseudonymisierung ist die Verarbeitung personenbezogener Daten in einer Weise,\nauf welche die personenbezogenen Daten ohne Hinzuziehung zus\u00e4tzlicher\nInformationen nicht mehr einer spezifischen betroffenen Person zugeordnet werden\nk\u00f6nnen, sofern diese zus\u00e4tzlichen Informationen gesondert aufbewahrt werden und\ntechnischen und organisatorischen Ma\u00dfnahmen unterliegen, die gew\u00e4hrleisten,\ndass die personenbezogenen Daten nicht einer identifizierten oder\nidentifizierbaren nat\u00fcrlichen Person zugewiesen werden.<\/p>\n\n\n\n<p><em>g)&nbsp;&nbsp;&nbsp;\nVerantwortlicher oder f\u00fcr die Verarbeitung Verantwortlicher<\/em><br>\nVerantwortlicher oder f\u00fcr die Verarbeitung Verantwortlicher ist die nat\u00fcrliche\noder juristische Person, Beh\u00f6rde, Einrichtung oder andere Stelle, die allein\noder gemeinsam mit anderen \u00fcber die Zwecke und Mittel der Verarbeitung von\npersonenbezogenen Daten entscheidet. Sind die Zwecke und Mittel dieser\nVerarbeitung durch das Unionsrecht oder das Recht der Mitgliedstaaten\nvorgegeben, so kann der Verantwortliche beziehungsweise k\u00f6nnen die bestimmten\nKriterien seiner Benennung nach dem Unionsrecht oder dem Recht der\nMitgliedstaaten vorgesehen werden.<\/p>\n\n\n\n<p><em>h)&nbsp;&nbsp;&nbsp;\nAuftragsverarbeiter<\/em><br>\nAuftragsverarbeiter ist eine nat\u00fcrliche oder juristische Person, Beh\u00f6rde,\nEinrichtung oder andere Stelle, die personenbezogene Daten im Auftrag des\nVerantwortlichen verarbeitet.<\/p>\n\n\n\n<p><em>i)&nbsp;&nbsp;&nbsp;&nbsp;&nbsp;\nEmpf\u00e4nger<\/em><br>\nEmpf\u00e4nger ist eine nat\u00fcrliche oder juristische Person, Beh\u00f6rde, Einrichtung\noder andere Stelle, der personenbezogene Daten offengelegt werden, unabh\u00e4ngig\ndavon, ob es sich bei ihr um einen Dritten handelt oder nicht. Beh\u00f6rden, die im\nRahmen eines bestimmten Untersuchungsauftrags nach dem Unionsrecht oder dem\nRecht der Mitgliedstaaten m\u00f6glicherweise personenbezogene Daten erhalten,\ngelten jedoch nicht als Empf\u00e4nger.<\/p>\n\n\n\n<p><em>j)&nbsp;&nbsp;&nbsp;&nbsp;&nbsp;\nDritter<\/em><br>\nDritter ist eine nat\u00fcrliche oder juristische Person, Beh\u00f6rde, Einrichtung oder\nandere Stelle au\u00dfer der betroffenen Person, dem Verantwortlichen, dem\nAuftragsverarbeiter und den Personen, die unter der unmittelbaren Verantwortung\ndes Verantwortlichen oder des Auftragsverarbeiters befugt sind, die\npersonenbezogenen Daten zu verarbeiten.<\/p>\n\n\n\n<p><em>k)&nbsp;&nbsp;&nbsp;\nEinwilligung<\/em><br>\nEinwilligung ist jede von der betroffenen Person freiwillig f\u00fcr den bestimmten\nFall in informierter Weise und unmissverst\u00e4ndlich abgegebene Willensbekundung\nin Form einer Erkl\u00e4rung oder einer sonstigen eindeutigen best\u00e4tigenden\nHandlung, mit der die betroffene Person zu verstehen gibt, dass sie mit der\nVerarbeitung der sie betreffenden personenbezogenen Daten einverstanden ist.<\/p>\n\n\n\n<p><strong>2. Name und\nAnschrift des f\u00fcr die Verarbeitung Verantwortlichen<\/strong><br>\nVerantwortlicher im Sinne der Datenschutz-Grundverordnung, sonstiger in den\nMitgliedstaaten der Europ\u00e4ischen Union geltenden Datenschutzgesetze und anderer\nBestimmungen mit datenschutzrechtlichem Charakter ist die:<\/p>\n\n\n\n<p>Whisky &amp; Cigar Ambassador<br> Inh. Dirk James Vetter<br> Mirjam-Pressler-Stra\u00dfe 9<br> 64289 Darmstadt (Hessen)<br> E-Mail: education (at) whisky-cigar-ambassador.de<br> Website: www.whisky-cigar-ambassador.de<\/p>\n\n\n\n<p><strong>3. Cookies<\/strong><br>\nDie Internetseiten von <em>Whisky &amp; Cigar Ambassador by Dirk James Vetter<\/em>\nverwenden Cookies. Cookies sind Textdateien, welche \u00fcber einen Internetbrowser\nauf einem Computersystem abgelegt und&nbsp;gespeichert werden. Zahlreiche\nInternetseiten und Server verwenden Cookies. Viele Cookies enthalten eine\nsogenannte Cookie-ID. Eine Cookie-ID ist eine eindeutige Kennung des Cookies.\nSie besteht aus einer Zeichenfolge, durch welche Internetseiten und Server dem\nkonkreten Internetbrowser zugeordnet werden k\u00f6nnen, in dem das Cookie\ngespeichert wurde. Dies erm\u00f6glicht es den besuchten Internetseiten und Servern,\nden individuellen Browser der betroffenen Person von anderen Internetbrowsern,\ndie andere Cookies enthalten, zu unterscheiden. Ein bestimmter Internetbrowser\nkann \u00fcber die eindeutige Cookie-ID wiedererkannt und identifiziert werden.<\/p>\n\n\n\n<p>Durch den\nEinsatz von Cookies kann <em>Whisky &amp; Cigar Ambassador by Dirk James Vetter<\/em>\nden Nutzern dieser Internetseite nutzerfreundlichere Services bereitstellen,\ndie ohne die Cookie-Setzung nicht m\u00f6glich w\u00e4ren.<\/p>\n\n\n\n<p>Mittels\neines Cookies k\u00f6nnen die Informationen und Angebote auf unserer Internetseite\nim Sinne des Benutzers optimiert werden. Cookies erm\u00f6glichen uns, wie bereits\nerw\u00e4hnt, die Benutzer unserer Internetseite wiederzuerkennen. Zweck dieser\nWiedererkennung ist es, den Nutzern die Verwendung unserer Internetseite zu\nerleichtern. Der Benutzer einer Internetseite, die Cookies verwendet, muss\nbeispielsweise nicht bei jedem Besuch der Internetseite erneut seine\nZugangsdaten eingeben, weil dies von der Internetseite und dem auf dem\nComputersystem des Benutzers abgelegten Cookie \u00fcbernommen wird. Ein weiteres\nBeispiel ist das Cookie eines Warenkorbes im Online-Shop. Der Online-Shop merkt\nsich die Artikel, die ein Kunde in den virtuellen Warenkorb gelegt hat, \u00fcber\nein Cookie.<\/p>\n\n\n\n<p>Die\nbetroffene Person kann die Setzung von Cookies durch unsere Internetseite\njederzeit mittels einer entsprechenden Einstellung des genutzten\nInternetbrowsers verhindern und damit der Setzung von Cookies dauerhaft\nwidersprechen. Ferner k\u00f6nnen bereits gesetzte Cookies jederzeit \u00fcber einen\nInternetbrowser oder andere Softwareprogramme gel\u00f6scht werden. Dies ist in\nallen g\u00e4ngigen Internetbrowsern m\u00f6glich. Deaktiviert die betroffene Person die\nSetzung von Cookies in dem genutzten Internetbrowser, sind unter Umst\u00e4nden\nnicht alle Funktionen unserer Internetseite vollumf\u00e4nglich nutzbar.<\/p>\n\n\n\n<p><strong>4. Erfassung\nvon allgemeinen Daten und Informationen<\/strong><br>\nDie Internetseite von <em>Whisky &amp; Cigar Ambassador by Dirk James Vetter<\/em>\nerfasst mit jedem Aufruf der Internetseite durch eine betroffene Person oder\nein automatisiertes System eine Reihe von allgemeinen Daten und Informationen.\nDiese allgemeinen Daten und Informationen werden in den Logfiles des Servers\ngespeichert. Erfasst werden k\u00f6nnen die (1) verwendeten Browsertypen und\nVersionen, (2) das vom zugreifenden System verwendete Betriebssystem, (3) die\nInternetseite, von welcher ein zugreifendes System auf unsere Internetseite\ngelangt (sogenannte Referrer), (4) die Unterwebseiten, welche \u00fcber ein\nzugreifendes System auf unserer Internetseite angesteuert werden, (5) das Datum\nund die Uhrzeit eines Zugriffs auf die Internetseite, (6) eine\nInternet-Protokoll-Adresse (IP-Adresse), (7) der Internet-Service-Provider des\nzugreifenden Systems und (8) sonstige \u00e4hnliche Daten und Informationen, die der\nGefahrenabwehr im Falle von Angriffen auf unsere informationstechnologischen\nSysteme dienen.<\/p>\n\n\n\n<p>Bei der\nNutzung dieser allgemeinen Daten und Informationen zieht <em>Whisky &amp; Cigar\nAmbassador by Dirk James Vetter<\/em> keine R\u00fcckschl\u00fcsse auf die betroffene\nPerson. Diese Informationen werden vielmehr ben\u00f6tigt, um (1) die Inhalte\nunserer Internetseite korrekt auszuliefern, (2) die Inhalte unserer\nInternetseite sowie die Werbung f\u00fcr diese zu optimieren, (3) die dauerhafte\nFunktionsf\u00e4higkeit unserer informationstechnologischen Systeme und der Technik\nunserer Internetseite zu gew\u00e4hrleisten sowie (4) um Strafverfolgungsbeh\u00f6rden im\nFalle eines Cyberangriffes die zur Strafverfolgung notwendigen Informationen\nbereitzustellen. Diese anonym erhobenen Daten und Informationen werden durch <em>Whisky\n&amp; Cigar Ambassador by Dirk James Vetter<\/em> daher einerseits statistisch\nund ferner mit dem Ziel ausgewertet, den Datenschutz und die Datensicherheit in\nunserem Unternehmen zu erh\u00f6hen, um letztlich ein optimales Schutzniveau f\u00fcr die\nvon uns verarbeiteten personenbezogenen Daten sicherzustellen. Die anonymen\nDaten der Server-Logfiles werden getrennt von allen durch eine betroffene\nPerson angegebenen personenbezogenen Daten gespeichert.<\/p>\n\n\n\n<p><strong>5.\nKontaktm\u00f6glichkeit \u00fcber die Internetseite<\/strong><br>\nDie Internetseite von <em>Whisky &amp; Cigar Ambassador by Dirk James Vetter<\/em>\nenth\u00e4lt aufgrund von gesetzlichen Vorschriften Angaben, die eine schnelle\nelektronische Kontaktaufnahme zu unserem Unternehmen sowie eine unmittelbare\nKommunikation mit uns erm\u00f6glichen, was ebenfalls eine allgemeine Adresse der\nsogenannten elektronischen Post (E-Mail-Adresse) umfasst. Sofern eine\nbetroffene Person per E-Mail oder \u00fcber ein Kontaktformular den Kontakt mit dem\nf\u00fcr die Verarbeitung Verantwortlichen aufnimmt, werden die von der betroffenen\nPerson \u00fcbermittelten personenbezogenen Daten automatisch gespeichert. Solche\nauf freiwilliger Basis von einer betroffenen Person an den f\u00fcr die Verarbeitung\nVerantwortlichen \u00fcbermittelten personenbezogenen Daten werden f\u00fcr Zwecke der\nBearbeitung oder der Kontaktaufnahme zur betroffenen Person gespeichert. Es\nerfolgt keine Weitergabe dieser personenbezogenen Daten an Dritte.<\/p>\n\n\n\n<p><strong>6.\nRoutinem\u00e4\u00dfige L\u00f6schung und Sperrung von personenbezogenen Daten<\/strong><br>\nDer f\u00fcr die Verarbeitung Verantwortliche verarbeitet und speichert\npersonenbezogene Daten der betroffenen Person nur f\u00fcr den Zeitraum, der zur\nErreichung des Speicherungszwecks erforderlich ist oder sofern dies durch den\nEurop\u00e4ischen Richtlinien- und Verordnungsgeber oder einen anderen Gesetzgeber\nin Gesetzen oder Vorschriften, welchen der f\u00fcr die Verarbeitung Verantwortliche\nunterliegt, vorgesehen wurde.<\/p>\n\n\n\n<p>Entf\u00e4llt der\nSpeicherungszweck oder l\u00e4uft eine vom Europ\u00e4ischen Richtlinien- und\nVerordnungsgeber oder einem anderen zust\u00e4ndigen Gesetzgeber vorgeschriebene Speicherfrist\nab, werden die personenbezogenen Daten routinem\u00e4\u00dfig und entsprechend den\ngesetzlichen Vorschriften gesperrt oder gel\u00f6scht.<\/p>\n\n\n\n<p><strong>7. Rechte\nder betroffenen Person<\/strong><br>\n<em>a)&nbsp;&nbsp;&nbsp; Recht auf Best\u00e4tigung<\/em><br>\nJede betroffene Person hat das vom Europ\u00e4ischen Richtlinien- und\nVerordnungsgeber einger\u00e4umte Recht, von dem f\u00fcr die Verarbeitung\nVerantwortlichen eine Best\u00e4tigung dar\u00fcber zu verlangen, ob sie betreffende\npersonenbezogene Daten verarbeitet werden. M\u00f6chte eine betroffene Person dieses\nBest\u00e4tigungsrecht in Anspruch nehmen, kann sie sich hierzu jederzeit an einen\nMitarbeiter des f\u00fcr die Verarbeitung Verantwortlichen wenden.<\/p>\n\n\n\n<p><em>b)&nbsp;&nbsp;&nbsp;\nRecht auf Auskunft<\/em><br>\nJede von der Verarbeitung personenbezogener Daten betroffene Person hat das vom\nEurop\u00e4ischen Richtlinien- und Verordnungsgeber gew\u00e4hrte Recht, jederzeit von\ndem f\u00fcr die Verarbeitung Verantwortlichen unentgeltliche Auskunft \u00fcber die zu\nseiner Person gespeicherten personenbezogenen Daten und eine Kopie dieser\nAuskunft zu erhalten. Ferner hat der Europ\u00e4ische Richtlinien- und Verordnungsgeber\nder betroffenen Person Auskunft \u00fcber folgende Informationen zugestanden:<\/p>\n\n\n\n<ul class=\"wp-block-list\">\n<li>die Verarbeitungszwecke<\/li>\n\n\n\n<li>die Kategorien\n     personenbezogener Daten, die verarbeitet werden<\/li>\n\n\n\n<li>die Empf\u00e4nger oder Kategorien\n     von Empf\u00e4ngern, gegen\u00fcber denen die personenbezogenen Daten offengelegt\n     worden sind oder noch werden, insbesondere bei Empf\u00e4ngern in Drittl\u00e4ndern\n     oder bei internationalen Organisationen falls m\u00f6glich die geplante Dauer,\n     f\u00fcr die die personenbezogenen Daten gespeichert werden, oder, falls dies\n     nicht m\u00f6glich ist, die Kriterien f\u00fcr die Festlegung dieser Dauer<\/li>\n\n\n\n<li>das Bestehen eines Rechts auf\n     Berichtigung oder L\u00f6schung der sie betreffenden personenbezogenen Daten\n     oder auf Einschr\u00e4nkung der Verarbeitung durch den Verantwortlichen oder\n     eines Widerspruchsrechts gegen diese Verarbeitung<\/li>\n\n\n\n<li>das Bestehen eines\n     Beschwerderechts bei einer Aufsichtsbeh\u00f6rde<\/li>\n\n\n\n<li>wenn die personenbezogenen\n     Daten nicht bei der betroffenen Person erhoben werden: Alle verf\u00fcgbaren\n     Informationen \u00fcber die Herkunft der Daten<\/li>\n\n\n\n<li>das Bestehen einer automatisierten\n     Entscheidungsfindung einschlie\u00dflich Profiling gem\u00e4\u00df Artikel 22 Abs.1 und 4\n     DSGVO und \u2014 zumindest in diesen F\u00e4llen \u2014 aussagekr\u00e4ftige Informationen\n     \u00fcber die involvierte Logik sowie die Tragweite und die angestrebten\n     Auswirkungen einer derartigen Verarbeitung f\u00fcr die betroffene Personen<\/li>\n<\/ul>\n\n\n\n<p>Ferner steht\nder betroffenen Person ein Auskunftsrecht dar\u00fcber zu, ob personenbezogene Daten\nan ein Drittland oder an eine internationale Organisation \u00fcbermittelt wurden.\nSofern dies der Fall ist, so steht der betroffenen Person im \u00dcbrigen das Recht\nzu, Auskunft \u00fcber die geeigneten Garantien im Zusammenhang mit der \u00dcbermittlung\nzu erhalten.<\/p>\n\n\n\n<p>M\u00f6chte eine\nbetroffene Person dieses Auskunftsrecht in Anspruch nehmen, kann sie sich\nhierzu jederzeit an einen Mitarbeiter des f\u00fcr die Verarbeitung Verantwortlichen\nwenden.<\/p>\n\n\n\n<p><em>c)&nbsp;&nbsp;&nbsp;\nRecht auf Berichtigung<\/em><br>\nJede von der Verarbeitung personenbezogener Daten betroffene Person hat das vom\nEurop\u00e4ischen Richtlinien- und Verordnungsgeber gew\u00e4hrte Recht, die\nunverz\u00fcgliche Berichtigung sie betreffender unrichtiger personenbezogener Daten\nzu verlangen. Ferner steht der betroffenen Person das Recht zu, unter\nBer\u00fccksichtigung der Zwecke der Verarbeitung, die Vervollst\u00e4ndigung\nunvollst\u00e4ndiger personenbezogener Daten \u2014 auch mittels einer erg\u00e4nzenden\nErkl\u00e4rung \u2014 zu verlangen.<\/p>\n\n\n\n<p>M\u00f6chte eine\nbetroffene Person dieses Berichtigungsrecht in Anspruch nehmen, kann sie sich\nhierzu jederzeit an einen Mitarbeiter des f\u00fcr die Verarbeitung Verantwortlichen\nwenden.<\/p>\n\n\n\n<p><em>d)&nbsp;&nbsp;&nbsp;\nRecht auf L\u00f6schung (Recht auf Vergessen werden)<\/em><br>\nJede von der Verarbeitung personenbezogener Daten betroffene Person hat das vom\nEurop\u00e4ischen Richtlinien- und Verordnungsgeber gew\u00e4hrte Recht, von dem\nVerantwortlichen zu verlangen, dass die sie betreffenden personenbezogenen\nDaten unverz\u00fcglich gel\u00f6scht werden, sofern einer der folgenden Gr\u00fcnde zutrifft\nund soweit die Verarbeitung nicht erforderlich ist:<\/p>\n\n\n\n<ul class=\"wp-block-list\">\n<li>Die personenbezogenen Daten\n     wurden f\u00fcr solche Zwecke erhoben oder auf sonstige Weise verarbeitet, f\u00fcr\n     welche sie nicht mehr notwendig sind.<\/li>\n\n\n\n<li>Die betroffene Person widerruft\n     ihre Einwilligung, auf die sich die Verarbeitung gem\u00e4\u00df Art. 6 Abs. 1\n     Buchstabe a DSGVO oder Art. 9 Abs. 2 Buchstabe a DSGVO st\u00fctzte, und es\n     fehlt an einer anderweitigen Rechtsgrundlage f\u00fcr die Verarbeitung.<\/li>\n\n\n\n<li>Die betroffene Person legt\n     gem\u00e4\u00df Art. 21 Abs. 1 DSGVO Widerspruch gegen die Verarbeitung ein, und es\n     liegen keine vorrangigen berechtigten Gr\u00fcnde f\u00fcr die Verarbeitung vor,\n     oder die betroffene Person legt gem\u00e4\u00df Art. 21 Abs. 2 DSGVO Widerspruch\n     gegen die Verarbeitung ein.<\/li>\n\n\n\n<li>Die personenbezogenen Daten\n     wurden unrechtm\u00e4\u00dfig verarbeitet.<\/li>\n\n\n\n<li>Die L\u00f6schung der\n     personenbezogenen Daten ist zur Erf\u00fcllung einer rechtlichen Verpflichtung\n     nach dem Unionsrecht oder dem Recht der Mitgliedstaaten erforderlich, dem\n     der Verantwortliche unterliegt.<\/li>\n\n\n\n<li>Die personenbezogenen Daten\n     wurden in Bezug auf angebotene Dienste der Informationsgesellschaft gem\u00e4\u00df\n     Art. 8 Abs. 1 DS-GVO erhoben.<\/li>\n<\/ul>\n\n\n\n<p>Sofern einer\nder oben genannten Gr\u00fcnde zutrifft und eine betroffene Person die L\u00f6schung von\npersonenbezogenen Daten, die bei <em>Whisky &amp; Cigar Ambassador by Dirk James\nVetter<\/em> gespeichert sind, veranlassen m\u00f6chte, kann sie sich hierzu jederzeit\nan einen Mitarbeiter des f\u00fcr die Verarbeitung Verantwortlichen wenden. Der\nMitarbeiter von <em>Whisky &amp; Cigar Ambassador by Dirk James Vetter<\/em> wird\nveranlassen, dass dem L\u00f6schverlangen unverz\u00fcglich nachgekommen wird.<\/p>\n\n\n\n<p>Wurden die\npersonenbezogenen Daten von <em>Whisky &amp; Cigar Ambassador by Dirk James\nVetter<\/em> \u00f6ffentlich gemacht und ist unser Unternehmen als Verantwortlicher\ngem\u00e4\u00df Art. 17 Abs. 1 DSGVO zur L\u00f6schung der personenbezogenen Daten\nverpflichtet, so trifft<em>Whisky &amp; Cigar Ambassador by Dirk James Vetter<\/em>\nunter Ber\u00fccksichtigung der verf\u00fcgbaren Technologie und der\nImplementierungskosten angemessene Ma\u00dfnahmen, auch technischer Art, um andere\nf\u00fcr die Datenverarbeitung Verantwortliche, welche die ver\u00f6ffentlichten\npersonenbezogenen Daten verarbeiten, dar\u00fcber in Kenntnis zu setzen, dass die\nbetroffene Person von diesen anderen f\u00fcr die Datenverarbeitung Verantwortlichen\ndie L\u00f6schung s\u00e4mtlicher Links zu diesen personenbezogenen Daten oder von Kopien\noder Replikationen dieser personenbezogenen Daten verlangt hat, soweit die\nVerarbeitung nicht erforderlich ist. Der Mitarbeiter von <em>Whisky &amp; Cigar\nAmbassador by Dirk James Vetter<\/em> wird im Einzelfall das Notwendige\nveranlassen.<\/p>\n\n\n\n<p>e)&nbsp;&nbsp;&nbsp;\nRecht auf Einschr\u00e4nkung der Verarbeitung<br>\nJede von der Verarbeitung personenbezogener Daten betroffene Person hat das vom\nEurop\u00e4ischen Richtlinien- und Verordnungsgeber gew\u00e4hrte Recht, von dem\nVerantwortlichen die Einschr\u00e4nkung der Verarbeitung zu verlangen, wenn eine der\nfolgenden Voraussetzungen gegeben ist:<\/p>\n\n\n\n<ul class=\"wp-block-list\">\n<li>Die Richtigkeit der\n     personenbezogenen Daten wird von der betroffenen Person bestritten, und\n     zwar f\u00fcr eine Dauer, die es dem Verantwortlichen erm\u00f6glicht, die\n     Richtigkeit der personenbezogenen Daten zu \u00fcberpr\u00fcfen.<\/li>\n\n\n\n<li>Die Verarbeitung ist\n     unrechtm\u00e4\u00dfig, die betroffene Person lehnt die L\u00f6schung der\n     personenbezogenen Daten ab und verlangt stattdessen die Einschr\u00e4nkung der\n     Nutzung der personenbezogenen Daten.<\/li>\n\n\n\n<li>Der Verantwortliche ben\u00f6tigt\n     die personenbezogenen Daten f\u00fcr die Zwecke der Verarbeitung nicht l\u00e4nger,\n     die betroffene Person ben\u00f6tigt sie jedoch zur Geltendmachung, Aus\u00fcbung\n     oder Verteidigung von Rechtsanspr\u00fcchen.<\/li>\n\n\n\n<li>Die betroffene Person hat\n     Widerspruch gegen die Verarbeitung gem. Art. 21 Abs. 1 DS-GVO eingelegt\n     und es steht noch nicht fest, ob die berechtigten Gr\u00fcnde des\n     Verantwortlichen gegen\u00fcber denen der betroffenen Person \u00fcberwiegen.<\/li>\n<\/ul>\n\n\n\n<p>Sofern eine\nder oben genannten Voraussetzungen gegeben ist und eine betroffene Person die\nEinschr\u00e4nkung von personenbezogenen Daten, die bei <em>Whisky &amp; Cigar\nAmbassador by Dirk James Vetter<\/em> gespeichert sind, verlangen m\u00f6chte, kann\nsie sich hierzu jederzeit an einen Mitarbeiter des f\u00fcr die Verarbeitung\nVerantwortlichen wenden. Der Mitarbeiter von <em>Whisky &amp; Cigar Ambassador\nby Dirk James Vetter<\/em>wird die Einschr\u00e4nkung der Verarbeitung veranlassen.<\/p>\n\n\n\n<p><em>f)&nbsp;&nbsp;&nbsp;&nbsp;\nRecht auf Daten\u00fcbertragbarkeit<\/em><br>\nJede von der Verarbeitung personenbezogener Daten betroffene Person hat das vom\nEurop\u00e4ischen Richtlinien- und Verordnungsgeber gew\u00e4hrte Recht, die sie\nbetreffenden personenbezogenen Daten, welche durch die betroffene Person einem\nVerantwortlichen bereitgestellt wurden, in einem strukturierten, g\u00e4ngigen und\nmaschinenlesbaren Format zu erhalten. Sie hat au\u00dferdem das Recht, diese Daten\neinem anderen Verantwortlichen ohne Behinderung durch den Verantwortlichen, dem\ndie personenbezogenen Daten bereitgestellt wurden, zu \u00fcbermitteln, sofern die\nVerarbeitung auf der Einwilligung gem\u00e4\u00df Art. 6 Abs. 1 Buchstabe a DS-GVO oder\nArt. 9 Abs. 2 Buchstabe a DS-GVO oder auf einem Vertrag gem\u00e4\u00df Art. 6 Abs. 1\nBuchstabe b DS-GVO beruht und die Verarbeitung mithilfe automatisierter\nVerfahren erfolgt, sofern die Verarbeitung nicht f\u00fcr die Wahrnehmung einer\nAufgabe erforderlich ist, die im \u00f6ffentlichen Interesse liegt oder in Aus\u00fcbung\n\u00f6ffentlicher Gewalt erfolgt, welche dem Verantwortlichen \u00fcbertragen wurde.<\/p>\n\n\n\n<p>Ferner hat\ndie betroffene Person bei der Aus\u00fcbung ihres Rechts auf Daten\u00fcbertragbarkeit\ngem\u00e4\u00df Art. 20 Abs. 1 DS-GVO das Recht, zu erwirken, dass die personenbezogenen\nDaten direkt von einem Verantwortlichen an einen anderen Verantwortlichen\n\u00fcbermittelt werden, soweit dies technisch machbar ist und sofern hiervon nicht\ndie Rechte und Freiheiten anderer Personen beeintr\u00e4chtigt werden.<\/p>\n\n\n\n<p>Zur\nGeltendmachung des Rechts auf Daten\u00fcbertragbarkeit kann sich die betroffene\nPerson jederzeit an einen Mitarbeiter von <em>Whisky &amp; Cigar Ambassador by\nDirk James Vetter<\/em> wenden.<\/p>\n\n\n\n<p><em>g)&nbsp;&nbsp;&nbsp;\nRecht auf Widerspruch<\/em><br>\nJede von der Verarbeitung personenbezogener Daten betroffene Person hat das vom\nEurop\u00e4ischen Richtlinien- und Verordnungsgeber gew\u00e4hrte Recht, aus Gr\u00fcnden, die\nsich aus ihrer besonderen Situation ergeben, jederzeit gegen die Verarbeitung\nsie betreffender personenbezogener Daten, die aufgrund von Art. 6 Abs. 1\nBuchstaben e oder f DS-GVO erfolgt, Widerspruch einzulegen. Dies gilt auch f\u00fcr\nein auf diese Bestimmungen gest\u00fctztes Profiling.<\/p>\n\n\n\n<p><em>Whisky &amp;\nCigar Ambassador by Dirk James Vetter<\/em> verarbeitet die personenbezogenen Daten im Falle des\nWiderspruchs nicht mehr, es sei denn, wir k\u00f6nnen zwingende schutzw\u00fcrdige Gr\u00fcnde\nf\u00fcr die Verarbeitung nachweisen, die den Interessen, Rechten und Freiheiten der\nbetroffenen Person \u00fcberwiegen, oder die Verarbeitung dient der Geltendmachung,\nAus\u00fcbung oder Verteidigung von Rechtsanspr\u00fcchen.<\/p>\n\n\n\n<p>Verarbeitet <em>Whisky\n&amp; Cigar Ambassador by Dirk James Vetter<\/em> personenbezogene Daten, um\nDirektwerbung zu betreiben, so hat die betroffene Person das Recht, jederzeit\nWiderspruch gegen die Verarbeitung der personenbezogenen Daten zum Zwecke\nderartiger Werbung einzulegen. Dies gilt auch f\u00fcr das Profiling, soweit es mit\nsolcher Direktwerbung in Verbindung steht. Widerspricht die betroffene Person\ngegen\u00fcber <em>Whisky &amp; Cigar Ambassador by Dirk James Vetter<\/em> der\nVerarbeitung f\u00fcr Zwecke der Direktwerbung, so wird <em>Whisky &amp; Cigar\nAmbassador by Dirk James Vetter<\/em> die personenbezogenen Daten nicht mehr f\u00fcr\ndiese Zwecke verarbeiten.<\/p>\n\n\n\n<p>Zudem hat\ndie betroffene Person das Recht, aus Gr\u00fcnden, die sich aus ihrer besonderen\nSituation ergeben, gegen die sie betreffende Verarbeitung personenbezogener\nDaten, die bei <em>Whisky &amp; Cigar Ambassador by Dirk James Vetter<\/em> zu\nwissenschaftlichen oder historischen Forschungszwecken oder zu statistischen\nZwecken gem\u00e4\u00df Art. 89 Abs. 1 DS-GVO erfolgen, Widerspruch einzulegen, es sei\ndenn, eine solche Verarbeitung ist zur Erf\u00fcllung einer im \u00f6ffentlichen\nInteresse liegenden Aufgabe erforderlich.<\/p>\n\n\n\n<p>Zur Aus\u00fcbung\ndes Rechts auf Widerspruch kann sich die betroffene Person direkt an jeden\nMitarbeiter von <em>Whisky &amp; Cigar Ambassador by Dirk James Vetter<\/em> oder\neinen anderen Mitarbeiter wenden. Der betroffenen Person steht es ferner frei,\nim Zusammenhang mit der Nutzung von Diensten der Informationsgesellschaft,\nungeachtet der Richtlinie 2002\/58\/EG, ihr Widerspruchsrecht mittels\nautomatisierter Verfahren auszu\u00fcben, bei denen technische Spezifikationen\nverwendet werden.<\/p>\n\n\n\n<p><em>h)&nbsp;&nbsp;&nbsp;\nAutomatisierte Entscheidungen im Einzelfall einschlie\u00dflich Profiling<\/em><br>\nJede von der Verarbeitung personenbezogener Daten betroffene Person hat das vom\nEurop\u00e4ischen Richtlinien- und Verordnungsgeber gew\u00e4hrte Recht, nicht einer\nausschlie\u00dflich auf einer automatisierten Verarbeitung \u2014 einschlie\u00dflich\nProfiling \u2014 beruhenden Entscheidung unterworfen zu werden, die ihr gegen\u00fcber\nrechtliche Wirkung entfaltet oder sie in \u00e4hnlicher Weise erheblich\nbeeintr\u00e4chtigt, sofern die Entscheidung (1) nicht f\u00fcr den Abschluss oder die\nErf\u00fcllung eines Vertrags zwischen der betroffenen Person und dem\nVerantwortlichen erforderlich ist, oder (2) aufgrund von Rechtsvorschriften der\nUnion oder der Mitgliedstaaten, denen der Verantwortliche unterliegt, zul\u00e4ssig\nist und diese Rechtsvorschriften angemessene Ma\u00dfnahmen zur Wahrung der Rechte\nund Freiheiten sowie der berechtigten Interessen der betroffenen Person\nenthalten oder (3) mit ausdr\u00fccklicher Einwilligung der betroffenen Person\nerfolgt.<\/p>\n\n\n\n<p>Ist die\nEntscheidung (1) f\u00fcr den Abschluss oder die Erf\u00fcllung eines Vertrags zwischen\nder betroffenen Person und dem Verantwortlichen erforderlich oder (2) erfolgt sie\nmit ausdr\u00fccklicher Einwilligung der betroffenen Person, trifft <em>Whisky &amp;\nCigar Ambassador by Dirk James Vetter<\/em> angemessene Ma\u00dfnahmen, um die Rechte\nund Freiheiten sowie die berechtigten Interessen der betroffenen Person zu\nwahren, wozu mindestens das Recht auf Erwirkung des Eingreifens einer Person\nseitens des Verantwortlichen, auf Darlegung des eigenen Standpunkts und auf\nAnfechtung der Entscheidung geh\u00f6rt.<\/p>\n\n\n\n<p>M\u00f6chte die\nbetroffene Person Rechte mit Bezug auf automatisierte Entscheidungen geltend\nmachen, kann sie sich hierzu jederzeit an einen Mitarbeiter des f\u00fcr die\nVerarbeitung Verantwortlichen wenden.<\/p>\n\n\n\n<p><em>i)&nbsp;&nbsp;&nbsp;&nbsp;&nbsp;\nRecht auf Widerruf einer datenschutzrechtlichen Einwilligung<\/em><br>\nJede von der Verarbeitung personenbezogener Daten betroffene Person hat das vom\nEurop\u00e4ischen Richtlinien- und Verordnungsgeber gew\u00e4hrte Recht, eine\nEinwilligung zur Verarbeitung personenbezogener Daten jederzeit zu widerrufen.<\/p>\n\n\n\n<p>M\u00f6chte die\nbetroffene Person ihr Recht auf Widerruf einer Einwilligung geltend machen,\nkann sie sich hierzu jederzeit an einen Mitarbeiter des f\u00fcr die Verarbeitung\nVerantwortlichen wenden.<\/p>\n\n\n\n<p><strong>8.\nDatenschutz bei Bewerbungen und im Bewerbungsverfahren<\/strong><br>\nDer f\u00fcr die Verarbeitung Verantwortliche erhebt und verarbeitet die\npersonenbezogenen Daten von Bewerbern zum Zwecke der Abwicklung des\nBewerbungsverfahrens. Die Verarbeitung kann auch auf elektronischem Wege\nerfolgen. Dies ist insbesondere dann der Fall, wenn ein Bewerber entsprechende\nBewerbungsunterlagen auf dem elektronischen Wege, beispielsweise per E-Mail\noder \u00fcber ein auf der Internetseite befindliches Webformular, an den f\u00fcr die\nVerarbeitung Verantwortlichen \u00fcbermittelt. Schlie\u00dft der f\u00fcr die Verarbeitung\nVerantwortliche einen Anstellungsvertrag mit einem Bewerber, werden die\n\u00fcbermittelten Daten zum Zwecke der Abwicklung des Besch\u00e4ftigungsverh\u00e4ltnisses\nunter Beachtung der gesetzlichen Vorschriften gespeichert. Wird von dem f\u00fcr die\nVerarbeitung Verantwortlichen kein Anstellungsvertrag mit dem Bewerber\ngeschlossen, so werden die Bewerbungsunterlagen zwei Monate nach Bekanntgabe\nder Absageentscheidung automatisch gel\u00f6scht, sofern einer L\u00f6schung keine\nsonstigen berechtigten Interessen des f\u00fcr die Verarbeitung Verantwortlichen\nentgegenstehen. Sonstiges berechtigtes Interesse in diesem Sinne ist\nbeispielsweise eine Beweispflicht in einem Verfahren nach dem Allgemeinen\nGleichbehandlungsgesetz (AGG).<\/p>\n\n\n\n<p><strong>9.\nDatenschutzbestimmungen zu Einsatz und Verwendung von AddThis<\/strong><br>\nDer f\u00fcr die Verarbeitung Verantwortliche hat auf dieser Internetseite\nKomponenten des Unternehmens AddThis integriert. AddThis ist ein sogenannter\nBookmarking-Provider. Der Dienst erm\u00f6glicht ein vereinfachtes Bookmarken von\nInternetseiten \u00fcber Buttons. Durch ein \u00dcberfahren der AddThis-Komponente mit\nder Maus oder durch Anklicken mit dieser wird eine Liste mit Bookmarking- und\nSharingservices angezeigt. AddThis ist auf \u00fcber 15 Millionen Internetseiten im\nEinsatz, und die Buttons werden nach den Angaben der Betreibergesellschaft \u00fcber\n20 Milliarden Mal j\u00e4hrlich angezeigt.<\/p>\n\n\n\n<p>Betreibergesellschaft\nvon AddThis ist die Firma AddThis, Inc. 1595 Spring Hill Road, Suite 300,\nVienna, VA 22182, USA.<\/p>\n\n\n\n<p>Durch jeden\nAufruf einer der Einzelseiten dieser Internetseite, die durch den f\u00fcr die\nVerarbeitung Verantwortlichen betrieben wird und auf welcher eine\nAddThis-Komponente integriert wurde, wird der Internetbrowser auf dem\ninformationstechnologischen System der betroffenen Person automatisch durch die\njeweilige AddThis-Komponente veranlasst, Daten von der Internetseite\nwww.addthis.com herunterzuladen. Im Rahmen dieses technischen Verfahrens erh\u00e4lt\nAddThis Kenntnis \u00fcber den Besuch und welche konkrete Einzelseite dieser\nInternetseite durch das von der betroffenen Person verwendete\ninformationstechnologische System genutzt wird. Ferner erh\u00e4lt AddThis Kenntnis\n\u00fcber die vom Internet-Service-Provider (ISP) vergebene IP-Adresse des von der\nbetroffenen Person verwendeten Computersystems, den Browsertyp, die\nBrowsersprache, die vor unserer Internetseite aufgerufene Internetseite, das\nDatum sowie die Uhrzeit des Besuchs unserer Internetseite.<br>\nAddThis nutzt diese Daten, um anonymisierte Nutzerprofile zu erstellen. Die auf\ndiesem Wege an AddThis \u00fcbertragenen Daten und Informationen erm\u00f6glichen dem\nUnternehmen AddThis selbst sowie den mit AddThis verbundenen Unternehmen oder\ndessen Partner-Unternehmen, die Besucher der Internetseiten des f\u00fcr\ndieVerarbeitung Verantwortlichen gezielt mit personalisierter und\ninteressenbezogener Werbung anzusprechen.<\/p>\n\n\n\n<p>AddThis\nblendet personalisierte und interessenbezogene Werbung auf Basis eines durch\ndas Unternehmen gesetzten Cookies ein. Dieses Cookie analysiert das\nindividuelle Surfverhalten des von der betroffenen Person genutzten\nComputersystems. Das Cookie speichert die von dem Computersystem ausgehenden\nBesuche von Internetseiten.<\/p>\n\n\n\n<p>Die\nbetroffene Person kann die Setzung von Cookies durch unsere Internetseite, wie\noben bereits dargestellt, jederzeit mittels einer entsprechenden Einstellung\ndes genutzten Internetbrowsers verhindern und damit der Setzung von Cookies\ndauerhaft widersprechen. Eine solche Einstellung des genutzten Internetbrowsers\nw\u00fcrde auch verhindern, dass AddThis ein Cookie auf dem\ninformationstechnologischen System der betroffenen Person setzt. Zudem k\u00f6nnen\nvon AddThis bereits gesetzte Cookies jederzeit \u00fcber einen Internetbrowser oder\nandere Softwareprogramme gel\u00f6scht werden.<\/p>\n\n\n\n<p>Die\nbetroffene Person hat zudem die M\u00f6glichkeit, der Verarbeitung von\npersonenbezogenen Daten durch AddThis dauerhaft zu widersprechen. Hierzu muss\ndie betroffene Person den Opt-Out-Button unter dem Link\nhttp:\/\/www.addthis.com\/privacy\/opt-out dr\u00fccken, der einen Opt-Out-Cookie setzt.\nDer mit dem Widerspruch gesetzte Opt-Out-Cookie, wird auf dem von der\nbetroffenen Person genutzten informationstechnologischen System abgelegt.\nWerden die Cookies auf dem System der betroffenen Person nach einem Widerspruch\ngel\u00f6scht, muss die betroffene Person den Link erneut aufrufen und einen neuen\nOpt-Out-Cookie setzen.<\/p>\n\n\n\n<p>Mit der\nSetzung des Opt-Out-Cookies besteht jedoch die M\u00f6glichkeit, dass die\nInternetseiten des f\u00fcr die Verarbeitung Verantwortlichen f\u00fcr die betroffene\nPerson nicht mehr vollumf\u00e4nglich nutzbar sind.<\/p>\n\n\n\n<p>Die\ngeltenden Datenschutzbestimmungen von AddThis k\u00f6nnen unter\nhttp:\/\/www.addthis.com\/privacy\/privacy-policy abgerufen werden.<\/p>\n\n\n\n<p><strong>10.\nDatenschutzbestimmungen zu Einsatz und Verwendung von Adobe Analytics\n(Omniture) \/ Adobe Marketing Cloud<\/strong><br>\nDer f\u00fcr die Verarbeitung Verantwortliche hat auf dieser Internetseite\nKomponenten des Unternehmens Adobe integriert. Adobe Analytics (Omniture) bzw.\ndie Adobe Marketing Cloud (nachfolgend \u201eOmniture\u201c genannt) ist ein Instrument,\ndas ein effizienteres Online-Marketing sowie eine Web-Analyse erm\u00f6glicht.\nOmniture ist ein Teil der Adobe Marketing Cloud. Die Adobe Marketing Cloud\nerm\u00f6glicht Echtzeitanalysen von Besucherstr\u00f6men auf Internetseiten. Die\nEchtzeitanalysen umfassen Projektberichte und gestatten eine Ad-Hoc-Analyse der\nInternetseitenbesucher. Kundeninteraktionen werden so dargestellt, dass dem f\u00fcr\ndie Verarbeitung Verantwortlichen ein besserer \u00dcberblick \u00fcber die\nOnlineaktivit\u00e4ten der Nutzer dieser Internetseite verschafft wird, indem die\nDaten in einfachen und interaktiven Dashboards angezeigt und in Berichte\numgewandelt werden. Dies versetzt den f\u00fcr die Verarbeitung Verantwortlichen in\ndie Lage, Informationen in Echtzeit zu erhalten und hierdurch auftretende\nProbleme schneller zu erkennen.<\/p>\n\n\n\n<p>Betreibergesellschaft\ndieser Services ist die Adobe Systems Software Ireland Limited, 4-6 Riverwalk,\nCitywest Business Campus, Dublin 24, Republic of Ireland.<\/p>\n\n\n\n<p>Omniture\nsetzt ein Cookie auf dem informationstechnologischen System der betroffenen\nPerson (Cookies wurden im Vorfeld bereits erkl\u00e4rt; entsprechendes kann oben\nnachgelesen werden). Der f\u00fcr die Verarbeitung Verantwortliche gew\u00e4hrleistet\ndurch eine Servereinstellung, dass die an das Datencenter von Adobe\n\u00fcbermittelten Tracking-Datens\u00e4tze vor einer Geolokalisierung anonymisiert\nwerden. Die Anonymisierung wird durch das Ersetzen des letzten Teils der\nIP-Adresse umgesetzt. Der f\u00fcr die Verarbeitung Verantwortliche hat serverseitig\nEinstellungen vorgenommen, aufgrund derer die IP-Adresse der betroffenen Person\nvor einer jeweiligen Verarbeitung f\u00fcr die Geolokalisierung und die\nReichweitenmessung unabh\u00e4ngig voneinander anonymisiert werden. Adobe wird im\nAuftrag des f\u00fcr die Verarbeitung Verantwortlichen die \u00fcber unsere Internetseite\ngewonnenen Daten und Informationen dazu nutzen das Nutzerverhalten der\nbetroffenen Person auszuwerten. Ferner wird Adobe die Daten nutzen, um in\nunserem Auftrag Reports \u00fcber die Nutzeraktivit\u00e4ten zu erstellen sowie weitere\nDienstleistungen f\u00fcr unser Unternehmen zu erbringen, die im Zusammenhang mit\nder Nutzung unserer Internetseite stehen. Die IP-Adresse der betroffenen Person\nwird durch Adobe nicht mit anderen personenbezogenen Daten zusammengef\u00fchrt.<\/p>\n\n\n\n<p>Die\nbetroffene Person kann die Setzung von Cookies durch unsere Internetseite, wie\noben bereits dargestellt, jederzeit mittels einer entsprechenden Einstellung\ndes genutzten Internetbrowsers verhindern und damit der Setzung von Cookies\ndauerhaft widersprechen. Eine solche Einstellung des genutzten Internetbrowsers\nw\u00fcrde auch verhindern, dass Omniture ein Cookie auf dem\ninformationstechnologischen System der betroffenen Person setzt. Zudem k\u00f6nnen\ndie von Omniture bereits gesetzten Cookies jederzeit \u00fcber einen Internetbrowser\noder andere Softwareprogramme gel\u00f6scht werden.<\/p>\n\n\n\n<p>Ferner\nbesteht f\u00fcr die betroffene Person die M\u00f6glichkeit, einer Erfassung der durch\ndas Adobe-Cookie erzeugten, auf eine Nutzung dieser Internetseite bezogenen\nDaten sowie der Verarbeitung dieser Daten durch Adobe zu widersprechen und eine\nsolche zu verhindern. Hierzu muss die betroffene Person den Abmelde-Button\nunter dem Link http:\/\/www.adobe.com\/de\/privacy\/opt-out.html dr\u00fccken, der einen\nOpt-Out-Cookie setzt. Der mit dem Widerspruch gesetzte Opt-Out-Cookie wird auf\ndem von der betroffenen Person genutzten informationstechnologischen System\nabgelegt. Werden die Cookies auf dem System der betroffenen Person nach einem\nWiderspruch gel\u00f6scht, muss die betroffene Person den Link erneut aufrufen und\neinen neuen Opt-Out-Cookie setzen.<\/p>\n\n\n\n<p>Mit der\nSetzung des Opt-Out-Cookies besteht jedoch die M\u00f6glichkeit, dass die\nInternetseiten des f\u00fcr die Verarbeitung Verantwortlichen f\u00fcr die betroffene\nPerson nicht mehr vollumf\u00e4nglich nutzbar sind.<\/p>\n\n\n\n<p>Die\ngeltenden Datenschutzbestimmungen von Adobe k\u00f6nnen unter http:\/\/www.adobe.com\/de\/privacy.html\nabgerufen werden.<\/p>\n\n\n\n<p><strong>11.\nDatenschutzbestimmungen zu Einsatz und Verwendung von etracker<\/strong><br>\nDer f\u00fcr die Verarbeitung Verantwortliche hat auf dieser Internetseite\nKomponenten des Unternehmens etracker integriert. Etracker ist ein\nWeb-Analyse-Dienst. Web-Analyse ist die Erhebung, Sammlung und Auswertung von\nDaten \u00fcber das Verhalten der Besucher von Internetseiten. Ein\nWeb-Analyse-Dienst erfasst unter anderem Daten dar\u00fcber, von welcher\nInternetseite eine betroffene Person auf eine Internetseite gekommen ist\n(sogenannte Referrer), auf welche Unterseiten der Internetseite zugegriffen\noder wie oft und f\u00fcr welche Verweildauer eine Unterseite betrachtet wurde. Eine\nWeb-Analyse wird \u00fcberwiegend zur Optimierung einer Internetseite und zur\nKosten-Nutzen-Analyse von Internetwerbung eingesetzt.<\/p>\n\n\n\n<p>Betreibergesellschaft\nvon etracker ist die etracker GmbH, Erste Brunnenstra\u00dfe 1, 20459 Hamburg,\nDeutschland.<\/p>\n\n\n\n<p>Etracker\nsetzt ein Cookie auf dem informationstechnologischen System der betroffenen\nPerson. Was Cookies sind, wurde oben bereits erl\u00e4utert. Durch jeden Aufruf\neiner der Einzelseiten dieser Internetseite, die durch den f\u00fcr die Verarbeitung\nVerantwortlichen betrieben wird und auf welcher eine etracker-Komponente\nintegriert wurde, wird der Internetbrowser auf dem informationstechnologischen\nSystem der betroffenen Person automatisch durch die jeweilige\netracker-Komponente veranlasst, Daten zu Marketing- und Optimierungszwecken an\netracker zu \u00fcbermitteln. Im Rahmen dieses technischen Verfahrens erh\u00e4lt\netracker Kenntnis \u00fcber Daten, die in der Folge zur Erstellung von pseudonymen\nNutzungsprofilen verwendet werden. Die so gewonnenen Nutzungsprofile dienen der\nAnalyse des Verhaltens der betroffenen Person, welche auf die Internetseite des\nf\u00fcr die Verarbeitung Verantwortlichen zugegriffen hat und werden mit dem Ziel,\ndie Internetseite zur verbessern und zu optimieren, ausgewertet. Die \u00fcber die\netracker-Komponente erhobenen Daten werden nicht ohne vorherige Einholung einer\ngesonderten und ausdr\u00fccklichen Einwilligung der betroffenen Person dazu\ngenutzt, die betroffene Person zu identifizieren. Diese Daten werden nicht mit\npersonenbezogenen Daten oder mit anderen Daten, die das gleiche Pseudonym\nenthalten, zusammengef\u00fchrt.<\/p>\n\n\n\n<p>Die\nbetroffene Person kann die Setzung von Cookies durch unsere Internetseite, wie\noben bereits dargestellt, jederzeit mittels einer entsprechenden Einstellung\ndes genutzten Internetbrowsers verhindern und damit der Setzung von Cookies\ndauerhaft widersprechen. Eine solche Einstellung des genutzten Internetbrowsers\nw\u00fcrde auch verhindern, dass etracker ein Cookie auf dem\ninformationstechnologischen System der betroffenen Person setzt. Zudem k\u00f6nnen\nvon etracker bereits gesetzte Cookies jederzeit \u00fcber den Internetbrowser oder\nandere Softwareprogramme gel\u00f6scht werden.<\/p>\n\n\n\n<p>Ferner\nbesteht f\u00fcr die betroffene Person die M\u00f6glichkeit, einer Erfassung der durch\nden etracker-Cookie erzeugten, auf eine Nutzung dieser Internetseite bezogenen\nDaten sowie der Verarbeitung dieser Daten durch etracker zu widersprechen und\neine solche zu verhindern. Hierzu muss die betroffene Person den\nCookie-setzen-Button unter dem Link http:\/\/www.etracker.de\/privacy?et=V23Jbb\ndr\u00fccken, der einen Opt-Out-Cookie setzt. Der mit dem Widerspruch gesetzte\nOpt-Out-Cookie wird auf dem von der betroffenen Person genutzten\ninformationstechnologischen System abgelegt. Werden die Cookies auf dem System\nder betroffenen Person nach einem Widerspruch gel\u00f6scht, muss die betroffene\nPerson den Link erneut aufrufen und einen neuen Opt-Out-Cookie setzen.<\/p>\n\n\n\n<p>Mit der\nSetzung des Opt-Out-Cookies besteht jedoch die M\u00f6glichkeit, dass die\nInternetseiten des f\u00fcr die Verarbeitung Verantwortlichen f\u00fcr die betroffene\nPerson nicht mehr vollumf\u00e4nglich nutzbar sind.<\/p>\n\n\n\n<p>Die\ngeltenden Datenschutzbestimmungen von etracker k\u00f6nnen unter\nhttps:\/\/www.etracker.com\/de\/datenschutz.html abgerufen werden.<\/p>\n\n\n\n<p><strong>12.\nDatenschutzbestimmungen zu Einsatz und Verwendung von Facebook<\/strong><br>\nDer f\u00fcr die Verarbeitung Verantwortliche hat auf dieser Internetseite\nKomponenten des Unternehmens Facebook integriert. Facebook ist ein soziales\nNetzwerk.<\/p>\n\n\n\n<p>Ein soziales\nNetzwerk ist ein im Internet betriebener sozialer Treffpunkt, eine\nOnline-Gemeinschaft, die es den Nutzern in der Regel erm\u00f6glicht, untereinander\nzu kommunizieren und im virtuellen Raum zu interagieren. Ein soziales Netzwerk\nkann als Plattform zum Austausch von Meinungen und Erfahrungen dienen oder\nerm\u00f6glicht es der Internetgemeinschaft, pers\u00f6nliche oder unternehmensbezogene\nInformationen bereitzustellen. Facebook erm\u00f6glicht den Nutzern des sozialen\nNetzwerkes unter anderem die Erstellung von privaten Profilen, den Upload von\nFotos und eine Vernetzung \u00fcber Freundschaftsanfragen.<\/p>\n\n\n\n<p>Betreibergesellschaft\nvon Facebook ist die Facebook, Inc., 1 Hacker Way, Menlo Park, CA 94025, USA.\nF\u00fcr die Verarbeitung personenbezogener Daten Verantwortlicher ist, wenn eine\nbetroffene Person au\u00dferhalb der USA oder Kanada lebt, die Facebook Ireland\nLtd., 4 Grand Canal Square, Grand Canal Harbour, Dublin 2, Ireland.<\/p>\n\n\n\n<p>Durch jeden\nAufruf einer der Einzelseiten dieser Internetseite, die durch den f\u00fcr die\nVerarbeitung Verantwortlichen betrieben wird und auf welcher eine\nFacebook-Komponente (Facebook-Plug-In) integriert wurde, wird der\nInternetbrowser auf dem informationstechnologischen System der betroffenen\nPerson automatisch durch die jeweilige Facebook-Komponente veranlasst, eine\nDarstellung der entsprechenden Facebook-Komponente von Facebook\nherunterzuladen. Eine Gesamt\u00fcbersicht \u00fcber alle Facebook-Plug-Ins kann unter\nhttps:\/\/developers.facebook.com\/docs\/plugins\/?locale=de_DE abgerufen werden. Im\nRahmen dieses technischen Verfahrens erh\u00e4lt Facebook Kenntnis dar\u00fcber, welche\nkonkrete Unterseite unserer Internetseite durch die betroffene Person besucht\nwird.<\/p>\n\n\n\n<p>Sofern die\nbetroffene Person gleichzeitig bei Facebook eingeloggt ist, erkennt Facebook\nmit jedem Aufruf unserer Internetseite durch die betroffene Person und w\u00e4hrend\nder gesamten Dauer des jeweiligen Aufenthaltes auf unserer Internetseite,\nwelche konkrete Unterseite unserer Internetseite die betroffene Person besucht.\nDiese Informationen werden durch die Facebook-Komponente gesammelt und durch\nFacebook dem jeweiligen Facebook-Account der betroffenen Person zugeordnet.\nBet\u00e4tigt die betroffene Person einen der auf unserer Internetseite integrierten\nFacebook-Buttons, beispielsweise den \u201eGef\u00e4llt mir\u201c-Button, oder gibt die\nbetroffene Person einen Kommentar ab, ordnet Facebook diese Information dem\npers\u00f6nlichen Facebook-Benutzerkonto der betroffenen Person zu und speichert\ndiese personenbezogenen Daten.<\/p>\n\n\n\n<p>Facebook\nerh\u00e4lt \u00fcber die Facebook-Komponente immer dann eine Information dar\u00fcber, dass\ndie betroffene Person unsere Internetseite besucht hat, wenn die betroffene\nPerson zum Zeitpunkt des Aufrufs unserer Internetseite gleichzeitig bei\nFacebook eingeloggt ist; dies findet unabh\u00e4ngig davon statt, ob die betroffene\nPerson die Facebook-Komponente anklickt oder nicht. Ist eine derartige\n\u00dcbermittlung dieser Informationen an Facebook von der betroffenen Person nicht\ngewollt, kann diese die \u00dcbermittlung dadurch verhindern, dass sie sich vor\neinem Aufruf unserer Internetseite aus ihrem Facebook-Account ausloggt.<\/p>\n\n\n\n<p>Die von\nFacebook ver\u00f6ffentlichte Datenrichtlinie, die unter\nhttps:\/\/de-de.facebook.com\/about\/privacy\/ abrufbar ist, gibt Aufschluss \u00fcber\ndie Erhebung, Verarbeitung und Nutzung personenbezogener Daten durch Facebook.\nFerner wird dort erl\u00e4utert, welche Einstellungsm\u00f6glichkeiten Facebook zum\nSchutz der Privatsph\u00e4re der betroffenen Person bietet. Zudem sind\nunterschiedliche Applikationen erh\u00e4ltlich, die es erm\u00f6glichen, eine\nDaten\u00fcbermittlung an Facebook zu unterdr\u00fccken. Solche Applikationen k\u00f6nnen\ndurch die betroffene Person genutzt werden, um eine Daten\u00fcbermittlung an\nFacebook zu unterdr\u00fccken.<\/p>\n\n\n\n<p><strong>13.\nDatenschutzbestimmungen zu Einsatz und Verwendung von Google Analytics (mit\nAnonymisierungsfunktion)<\/strong><br>\nDer f\u00fcr die Verarbeitung Verantwortliche hat auf dieser Internetseite die\nKomponente Google Analytics (mit Anonymisierungsfunktion) integriert. Google\nAnalytics ist ein Web-Analyse-Dienst. Web-Analyse ist die Erhebung, Sammlung\nund Auswertung von Daten \u00fcber das Verhalten von Besuchern von Internetseiten.\nEin Web-Analyse-Dienst erfasst unter anderem Daten dar\u00fcber, von welcher\nInternetseite eine betroffene Person auf eine Internetseite gekommen ist\n(sogenannte Referrer), auf welche Unterseiten der Internetseite zugegriffen\noder wie oft und f\u00fcr welche Verweildauer eine Unterseite betrachtet wurde. Eine\nWeb-Analyse wird \u00fcberwiegend zur Optimierung einer Internetseite und zur\nKosten-Nutzen-Analyse von Internetwerbung eingesetzt.<\/p>\n\n\n\n<p>Betreibergesellschaft\nder Google-Analytics-Komponente ist die Google Inc., 1600 Amphitheatre Pkwy,\nMountain View, CA 94043-1351, USA.<\/p>\n\n\n\n<p>Der f\u00fcr die\nVerarbeitung Verantwortliche verwendet f\u00fcr die Web-Analyse \u00fcber Google\nAnalytics den Zusatz \u201c_gat._anonymizeIp\u201d. Mittels dieses Zusatzes wird die IP-Adresse\ndes Internetanschlusses der betroffenen Person von Google gek\u00fcrzt und\nanonymisiert, wenn der Zugriff auf unsere Internetseiten aus einem\nMitgliedstaat der Europ\u00e4ischen Union oder aus einem anderen Vertragsstaat des\nAbkommens \u00fcber den Europ\u00e4ischen Wirtschaftsraum erfolgt.<\/p>\n\n\n\n<p>Der Zweck\nder Google-Analytics-Komponente ist die Analyse der Besucherstr\u00f6me auf unserer\nInternetseite. Google nutzt die gewonnenen Daten und Informationen unter\nanderem dazu, die Nutzung unserer Internetseite auszuwerten, um f\u00fcr uns\nOnline-Reports, welche die Aktivit\u00e4ten auf unseren Internetseiten aufzeigen,\nzusammenzustellen, und um weitere mit der Nutzung unserer Internetseite in\nVerbindung stehende Dienstleistungen zu erbringen.<\/p>\n\n\n\n<p>Google\nAnalytics setzt ein Cookie auf dem informationstechnologischen System der\nbetroffenen Person. Was Cookies sind, wurde oben bereits erl\u00e4utert. Mit Setzung\ndes Cookies wird Google eine Analyse der Benutzung unserer Internetseite\nerm\u00f6glicht. Durch jeden Aufruf einer der Einzelseiten dieser Internetseite, die\ndurch den f\u00fcr die Verarbeitung Verantwortlichen betrieben wird und auf welcher\neine Google-Analytics-Komponente integriert wurde, wird der Internetbrowser auf\ndem informationstechnologischen System der betroffenen Person automatisch durch\ndie jeweilige Google-Analytics-Komponente veranlasst, Daten zum Zwecke der\nOnline-Analyse an Google zu \u00fcbermitteln. Im Rahmen dieses technischen\nVerfahrens erh\u00e4lt Google Kenntnis \u00fcber personenbezogene Daten, wie der\nIP-Adresse der betroffenen Person, die Google unter anderem dazu dienen, die\nHerkunft der Besucher und Klicks nachzuvollziehen und in der Folge\nProvisionsabrechnungen zu erm\u00f6glichen.<\/p>\n\n\n\n<p>Mittels des\nCookies werden personenbezogene Informationen, beispielsweise die Zugriffszeit,\nder Ort, von welchem ein Zugriff ausging und die H\u00e4ufigkeit der Besuche unserer\nInternetseite durch die betroffene Person, gespeichert. Bei jedem Besuch\nunserer Internetseiten werden diese personenbezogenen Daten, einschlie\u00dflich der\nIP-Adresse des von der betroffenen Person genutzten Internetanschlusses, an\nGoogle in den Vereinigten Staaten von Amerika \u00fcbertragen. Diese\npersonenbezogenen Daten werden durch Google in den Vereinigten Staaten von\nAmerika gespeichert. Google gibt diese \u00fcber das technische Verfahren erhobenen\npersonenbezogenen Daten unter Umst\u00e4nden an Dritte weiter.<\/p>\n\n\n\n<p>Die\nbetroffene Person kann die Setzung von Cookies durch unsere Internetseite, wie\noben bereits dargestellt, jederzeit mittels einer entsprechenden Einstellung\ndes genutzten Internetbrowsers verhindern und damit der Setzung von Cookies\ndauerhaft widersprechen. Eine solche Einstellung des genutzten Internetbrowsers\nw\u00fcrde auch verhindern, dass Google ein Cookie auf dem\ninformationstechnologischen System der betroffenen Person setzt. Zudem kann ein\nvon Google Analytics bereits gesetzter Cookie jederzeit \u00fcber den\nInternetbrowser oder andere Softwareprogramme gel\u00f6scht werden.<\/p>\n\n\n\n<p>Ferner\nbesteht f\u00fcr die betroffene Person die M\u00f6glichkeit, einer Erfassung der durch\nGoogle Analytics erzeugten, auf eine Nutzung dieser Internetseite bezogenen\nDaten sowie der Verarbeitung dieser Daten durch Google zu widersprechen und\neine solche zu verhindern. Hierzu muss die betroffene Person ein Browser-Add-On\nunter dem Link https:\/\/tools.google.com\/dlpage\/gaoptout herunterladen und\ninstallieren. Dieses Browser-Add-On teilt Google Analytics \u00fcber JavaScript mit,\ndass keine Daten und Informationen zu den Besuchen von Internetseiten an Google\nAnalytics \u00fcbermittelt werden d\u00fcrfen. Die Installation des Browser-Add-Ons wird\nvon Google als Widerspruch gewertet. Wird das informationstechnologische System\nder betroffenen Person zu einem sp\u00e4teren Zeitpunkt gel\u00f6scht, formatiert oder\nneu installiert, muss durch die betroffene Person eine erneute Installation des\nBrowser-Add-Ons erfolgen, um Google Analytics zu deaktivieren. Sofern das\nBrowser-Add-On durch die betroffene Person oder einer anderen Person, die ihrem\nMachtbereich zuzurechnen ist, deinstalliert oder deaktiviert wird, besteht die\nM\u00f6glichkeit der Neuinstallation oder der erneuten Aktivierung des Browser-Add-Ons.<\/p>\n\n\n\n<p>Weitere\nInformationen und die geltenden Datenschutzbestimmungen von Google k\u00f6nnen unter\nhttps:\/\/www.google.de\/intl\/de\/policies\/privacy\/ und unter\nhttp:\/\/www.google.com\/analytics\/terms\/de.html abgerufen werden. Google\nAnalytics wird unter diesem Link https:\/\/www.google.com\/intl\/de_de\/analytics\/\ngenauer erl\u00e4utert.<\/p>\n\n\n\n<p><strong>14.\nDatenschutzbestimmungen zu Einsatz und Verwendung von Google+<\/strong><br>\nDer f\u00fcr die Verarbeitung Verantwortliche hat auf dieser Internetseite als\nKomponente die Google+ Schaltfl\u00e4che integriert. Google+ ist ein sogenanntes\nsoziales Netzwerk. Ein soziales Netzwerk ist ein im Internet betriebener\nsozialer Treffpunkt, eine Online-Gemeinschaft, die es den Nutzern in der Regel\nerm\u00f6glicht, untereinander zu kommunizieren und im virtuellen Raum zu interagieren.\nEin soziales Netzwerk kann als Plattform zum Austausch von Meinungen und\nErfahrungen dienen oder erm\u00f6glicht es der Internetgemeinschaft, pers\u00f6nliche\noder unternehmensbezogene Informationen bereitzustellen. Google+ erm\u00f6glicht den\nNutzern des sozialen Netzwerkes unter anderem die Erstellung von privaten\nProfilen, den Upload von Fotos und eine Vernetzung \u00fcber Freundschaftsanfragen.<\/p>\n\n\n\n<p>Betreibergesellschaft\nvon Google+ ist die Google Inc., 1600 Amphitheatre Pkwy, Mountain View, CA\n94043-1351, USA.<\/p>\n\n\n\n<p>Durch jeden\nAufruf einer der Einzelseiten dieser Internetseite, die durch den f\u00fcr die\nVerarbeitung Verantwortlichen betrieben wird und auf welcher eine Google+\nSchaltfl\u00e4che integriert wurde, wird der Internetbrowser auf dem\ninformationstechnologischen System der betroffenen Person automatisch durch die\njeweilige Google+ Schaltfl\u00e4che veranlasst, eine Darstellung der entsprechenden\nGoogle+ Schaltfl\u00e4che von Google herunterzuladen. Im Rahmen dieses technischen\nVerfahrens erh\u00e4lt Google Kenntnis dar\u00fcber, welche konkrete Unterseite unserer\nInternetseite durch die betroffene Person besucht wird. Genauere Informationen\nzu Google+ sind unter https:\/\/developers.google.com\/+\/ abrufbar.<\/p>\n\n\n\n<p>Sofern die\nbetroffene Person gleichzeitig bei Google+ eingeloggt ist, erkennt Google mit\njedem Aufruf unserer Internetseite durch die betroffene Person und w\u00e4hrend der\ngesamten Dauer des jeweiligen Aufenthaltes auf unserer Internetseite, welche\nkonkrete Unterseite unserer Internetseite die betroffene Person besucht. Diese\nInformationen werden durch die Google+ Schaltfl\u00e4che gesammelt und durch Google\ndem jeweiligen Google+-Account der betroffenen Person zugeordnet.<\/p>\n\n\n\n<p>Bet\u00e4tigt die\nbetroffene Person einen der auf unserer Internetseite integrierten\nGoogle+-Buttons und gibt damit eine Google+1 Empfehlung ab, ordnet Google diese\nInformation dem pers\u00f6nlichen Google+-Benutzerkonto der betroffenen Person zu\nund speichert diese personenbezogenen Daten. Google speichert die\nGoogle+1-Empfehlung der betroffenen Person und macht diese in \u00dcbereinstimmung\nmit den von der betroffenen Person diesbez\u00fcglich akzeptierten Bedingungen\n\u00f6ffentlich zug\u00e4nglich. Eine von der betroffenen Person auf dieser Internetseite\nabgegebene Google+1-Empfehlung wird in der Folge zusammen mit anderen\npersonenbezogenen Daten, wie dem Namen des von der betroffenen Person genutzten\nGoogle+1-Accounts und dem in diesem hinterlegten Foto in anderen\nGoogle-Diensten, beispielsweise den Suchmaschinenergebnissen der\nGoogle-Suchmaschine, dem Google-Konto der betroffenen Person oder an sonstigen\nStellen, beispielsweise auf Internetseiten oder im Zusammenhang mit\nWerbeanzeigen, gespeichert und verarbeitet. Ferner ist Google in der Lage, den\nBesuch auf dieser Internetseite mit anderen bei Google gespeicherten\npersonenbezogenen Daten zu verkn\u00fcpfen. Google zeichnet diese personenbezogenen\nInformationen ferner mit dem Zweck auf, die unterschiedlichen Dienste von\nGoogle zu verbessern oder zu optimieren.<\/p>\n\n\n\n<p>Google\nerh\u00e4lt \u00fcber die Google+-Schaltfl\u00e4che immer dann eine Information dar\u00fcber, dass\ndie betroffene Person unsere Internetseite besucht hat, wenn die betroffene\nPerson zum Zeitpunkt des Aufrufs unserer Internetseite gleichzeitig bei Google+\neingeloggt ist; dies findet unabh\u00e4ngig davon statt, ob die betroffene Person\ndie Google+-Schaltfl\u00e4che anklickt oder nicht.<\/p>\n\n\n\n<p>Ist eine\n\u00dcbermittlung personenbezogener Daten an Google von der betroffenen Person nicht\ngewollt, kann diese eine solche \u00dcbermittlung dadurch verhindern, dass sie sich\nvor einem Aufruf unserer Internetseite aus ihrem Google+-Account ausloggt.<\/p>\n\n\n\n<p>Weitere\nInformationen und die geltenden Datenschutzbestimmungen von Google k\u00f6nnen unter\nhttps:\/\/www.google.de\/intl\/de\/policies\/privacy\/ abgerufen werden. Weitere\nHinweise von Google zur Google+1-Schaltfl\u00e4che k\u00f6nnen unter\nhttps:\/\/developers.google.com\/+\/web\/buttons-policy abgerufen werden.<\/p>\n\n\n\n<p><strong>15.\nDatenschutzbestimmungen zu Einsatz und Verwendung von Instagram<\/strong><br>\nDer f\u00fcr die Verarbeitung Verantwortliche hat auf dieser Internetseite\nKomponenten des Dienstes Instagram integriert. Instagram ist ein Dienst, der\nals audiovisuelle Plattform zu qualifizieren ist und den Nutzern das Teilen von\nFotos und Videos und zudem eine Weiterverbreitung solcher Daten in anderen\nsozialen Netzwerken erm\u00f6glicht.<\/p>\n\n\n\n<p>Betreibergesellschaft\nder Dienste von Instagram ist die Instagram LLC, 1 Hacker Way, Building 14\nFirst Floor, Menlo Park, CA, USA.<\/p>\n\n\n\n<p>Durch jeden\nAufruf einer der Einzelseiten dieser Internetseite, die durch den f\u00fcr die\nVerarbeitung Verantwortlichen betrieben wird und auf welcher eine\nInstagram-Komponente (Insta-Button) integriert wurde, wird der Internetbrowser\nauf dem informationstechnologischen System der betroffenen Person automatisch\ndurch die jeweilige Instagram-Komponente veranlasst, eine Darstellung der\nentsprechenden Komponente von Instagram herunterzuladen. Im Rahmen dieses\ntechnischen Verfahrens erh\u00e4lt Instagram Kenntnis dar\u00fcber, welche konkrete\nUnterseite unserer Internetseite durch die betroffene Person besucht wird.<\/p>\n\n\n\n<p>Sofern die\nbetroffene Person gleichzeitig bei Instagram eingeloggt ist, erkennt Instagram\nmit jedem Aufruf unserer Internetseite durch die betroffene Person und w\u00e4hrend\nder gesamten Dauer des jeweiligen Aufenthaltes auf unserer Internetseite,\nwelche konkrete Unterseite die betroffene Person besucht. Diese Informationen\nwerden durch die Instagram-Komponente gesammelt und durch Instagram dem\njeweiligen Instagram-Account der betroffenen Person zugeordnet. Bet\u00e4tigt die\nbetroffene Person einen der auf unserer Internetseite integrierten\nInstagram-Buttons, werden die damit \u00fcbertragenen Daten und Informationen dem\npers\u00f6nlichen Instagram-Benutzerkonto der betroffenen Person zugeordnet und von\nInstagram gespeichert und verarbeitet.<\/p>\n\n\n\n<p>Instagram\nerh\u00e4lt \u00fcber die Instagram-Komponente immer dann eine Information dar\u00fcber, dass\ndie betroffene Person unsere Internetseite besucht hat, wenn die betroffene\nPerson zum Zeitpunkt des Aufrufs unserer Internetseite gleichzeitig bei\nInstagram eingeloggt ist; dies findet unabh\u00e4ngig davon statt, ob die betroffene\nPerson die Instagram-Komponente anklickt oder nicht. Ist eine derartige\n\u00dcbermittlung dieser Informationen an Instagram von der betroffenen Person nicht\ngewollt, kann diese die \u00dcbermittlung dadurch verhindern, dass sie sich vor\neinem Aufruf unserer Internetseite aus ihrem Instagram-Account ausloggt.<\/p>\n\n\n\n<p>Weitere\nInformationen und die geltenden Datenschutzbestimmungen von Instagram k\u00f6nnen\nunter https:\/\/help.instagram.com\/155833707900388 und\nhttps:\/\/www.instagram.com\/about\/legal\/privacy\/ abgerufen werden.<\/p>\n\n\n\n<p><strong>16.\nDatenschutzbestimmungen zu Einsatz und Verwendung von Jetpack f\u00fcr WordPress<\/strong><br>\nDer f\u00fcr die Verarbeitung Verantwortliche hat auf dieser Internetseite Jetpack\nintegriert. Jetpack ist ein WordPress-Plug-In, welches dem Betreiber einer\nInternetseite, die auf WordPress aufbaut, zus\u00e4tzliche Funktionen bietet.\nJetpack gestattet dem Internetseitenbetreiber unter anderem eine \u00dcbersicht \u00fcber\ndie Besucher der Seite. Durch die Anzeige von verwandten Beitr\u00e4gen und\nPublikationen oder die M\u00f6glichkeit, Inhalte auf der Seite zu teilen, ist ferner\ndie Steigerung der Besucherzahlen m\u00f6glich. Au\u00dferdem sind Sicherheitsfunktionen\nin Jetpack integriert, sodass eine Jetpack nutzende Internetseite besser gegen\nBrute-Force-Attacken gesch\u00fctzt ist. Jetpack optimiert und beschleunigt ferner\ndas Laden der auf der Internetseite integrierten Bilder.<\/p>\n\n\n\n<p>Betreibergesellschaft\ndes Jetpack-Plug-Ins f\u00fcr WordPress ist die Automattic Inc., 132 Hawthorne\nStreet, San Francisco, CA 94107, USA. Die Betreibergesellschaft setzt die\nTrackingtechnologie der Quantcast Inc., 201 Third Street, San Francisco, CA\n94103, USA, ein.<\/p>\n\n\n\n<p>Jetpack\nsetzt ein Cookie auf dem informationstechnologischen System der betroffenen\nPerson. Was Cookies sind, wurde oben bereits erl\u00e4utert. Durch jeden Aufruf\neiner der Einzelseiten dieser Internetseite, die durch den f\u00fcr die Verarbeitung\nVerantwortlichen betrieben wird und auf welcher eine Jetpack-Komponente\nintegriert wurde, wird der Internetbrowser auf dem informationstechnologischen\nSystem der betroffenen Person automatisch durch die jeweilige\nJetpack-Komponente veranlasst, Daten zur Analysezwecken an Automattic zu\n\u00fcbermitteln. Im Rahmen dieses technischen Verfahrens erh\u00e4lt Automattic Kenntnis\n\u00fcber Daten, die in der Folge zur Erstellung einer \u00dcbersicht der\nInternetseiten-Besuche verwendet werden. Die so gewonnenen Daten dienen der\nAnalyse des Verhaltens der betroffenen Person, welche auf die Internetseite des\nf\u00fcr die Verarbeitung Verantwortlichen zugegriffen hat und werden mit dem Ziel,\ndie Internetseite zu optimieren, ausgewertet. Die \u00fcber die Jetpack-Komponente\nerhobenen Daten werden nicht ohne eine vorherige Einholung einer gesonderten\nausdr\u00fccklichen Einwilligung der betroffenen Person dazu genutzt, die betroffene\nPerson zu identifizieren. Die Daten gelangen ferner Quantcast zur Kenntnis.\nQuantcast nutzt die Daten zu den gleichen Zwecken wie Automattic.<\/p>\n\n\n\n<p>Die\nbetroffene Person kann die Setzung von Cookies durch unsere Internetseite, wie\noben bereits dargestellt, jederzeit mittels einer entsprechenden Einstellung\ndes genutzten Internetbrowsers verhindern und damit der Setzung von Cookies\ndauerhaft widersprechen. Eine solche Einstellung des genutzten Internetbrowsers\nw\u00fcrde auch verhindern, dass Automattic\/Quantcast ein Cookie auf dem\ninformationstechnologischen System der betroffenen Person setzt. Zudem k\u00f6nnen\nvon Automattic bereits gesetzte Cookies jederzeit \u00fcber den Internetbrowser oder\nandere Softwareprogramme gel\u00f6scht werden.<\/p>\n\n\n\n<p>Ferner\nbesteht f\u00fcr die betroffene Person die M\u00f6glichkeit, einer Erfassung der durch\ndas Jetpack-Cookie erzeugten, auf eine Nutzung dieser Internetseite bezogenen\nDaten sowie der Verarbeitung dieser Daten durch Automattic\/Quantcast zu\nwidersprechen und eine solche zu verhindern. Hierzu muss die betroffene Person\nden Opt-Out-Button unter dem Link https:\/\/www.quantcast.com\/opt-out\/ dr\u00fccken,\nder einen Opt-Out-Cookie setzt. Der mit dem Widerspruch gesetzte Opt-Out-Cookie\nwird auf dem von der betroffenen Person genutzten informationstechnologischen\nSystem abgelegt. Werden die Cookies auf dem System der betroffenen Person nach\neinem Widerspruch gel\u00f6scht, muss die betroffene Person den Link erneut aufrufen\nund einen neuen Opt-Out-Cookie setzen.<\/p>\n\n\n\n<p>Mit der\nSetzung des Opt-Out-Cookies besteht jedoch die M\u00f6glichkeit, dass die\nInternetseiten des f\u00fcr die Verarbeitung Verantwortlichen f\u00fcr die betroffene\nPerson nicht mehr vollumf\u00e4nglich nutzbar sind.<\/p>\n\n\n\n<p>Die\ngeltenden Datenschutzbestimmungen von Automattic sind unter\nhttps:\/\/automattic.com\/privacy\/ abrufbar. Die geltenden Datenschutzbestimmungen\nvon Quantcast sind unter https:\/\/www.quantcast.com\/privacy\/ abrufbar.<\/p>\n\n\n\n<p><strong>17.\nDatenschutzbestimmungen zu Einsatz und Verwendung von Pinterest<\/strong><br>\nDer f\u00fcr die Verarbeitung Verantwortliche hat auf dieser Internetseite\nKomponenten der Pinterest Inc. integriert. Pinterest ist ein sogenanntes\nsoziales Netzwerk. Ein soziales Netzwerk ist ein im Internet betriebener\nsozialer Treffpunkt, eine Online-Gemeinschaft, die es den Nutzern in der Regel\nerm\u00f6glicht, untereinander zu kommunizieren und im virtuellen Raum zu\ninteragieren. Ein soziales Netzwerk kann als Plattform zum Austausch von\nMeinungen und Erfahrungen dienen oder erm\u00f6glicht es der Internetgemeinschaft,\npers\u00f6nliche oder unternehmensbezogene Informationen bereitzustellen. Pinterest\nerm\u00f6glicht den Nutzern des sozialen Netzwerkes unter anderem,\nBilderkollektionen und Einzelbilder sowie Beschreibungen an virtuellen\nPinnw\u00e4nden zu ver\u00f6ffentlichen (sogenanntes pinnen), welche dann wiederum von\nanderen Nutzern geteilt (sogenanntes repinnen) oder kommentiert werden k\u00f6nnen.<\/p>\n\n\n\n<p>Betreibergesellschaft\nvon Pinterest ist die Pinterest Inc., 808 Brannan Street, San Francisco, CA\n94103, USA.<\/p>\n\n\n\n<p>Durch jeden\nAufruf einer der Einzelseiten dieser Internetseite, die durch den f\u00fcr die\nVerarbeitung Verantwortlichen betrieben wird und auf welcher eine\nPinterest-Komponente (Pinterest-Plug-In) integriert wurde, wird der\nInternetbrowser auf dem informationstechnologischen System der betroffenen Person\nautomatisch durch die jeweilige Pinterest-Komponente veranlasst, eine\nDarstellung der entsprechenden Pinterest-Komponente von Pinterest\nherunterzuladen. Mehr Informationen zu Pinterest sind unter\nhttps:\/\/pinterest.com\/ abrufbar. Im Rahmen dieses technischen Verfahrens erh\u00e4lt\nPinterest Kenntnis dar\u00fcber, welche konkrete Unterseite unserer Internetseite\ndurch die betroffene Person besucht wird.<\/p>\n\n\n\n<p>Sofern die\nbetroffene Person gleichzeitig bei Pinterest eingeloggt ist, erkennt Pinterest\nmit jedem Aufruf unserer Internetseite durch die betroffene Person und w\u00e4hrend\nder gesamten Dauer des jeweiligen Aufenthaltes auf unserer Internetseite,\nwelche konkrete Unterseite unserer Internetseite die betroffene Person besucht.\nDiese Informationen werden durch die Pinterest-Komponente gesammelt und durch\nPinterest dem jeweiligen Pinterest-Account der betroffenen Person zugeordnet.\nBet\u00e4tigt die betroffene Person einen auf unserer Internetseite integrierten\nPinterest-Button, ordnet Pinterest diese Information dem pers\u00f6nlichen\nPinterest-Benutzerkonto der betroffenen Person zu und speichert diese\npersonenbezogenen Daten.<\/p>\n\n\n\n<p>Pinterest\nerh\u00e4lt \u00fcber die Pinterest-Komponente immer dann eine Information dar\u00fcber, dass\ndie betroffene Person unsere Internetseite besucht hat, wenn die betroffene\nPerson zum Zeitpunkt des Aufrufs unserer Internetseite gleichzeitig bei\nPinterest eingeloggt ist; dies findet unabh\u00e4ngig davon statt, ob die betroffene\nPerson die Pinterest-Komponente anklickt oder nicht. Ist eine derartige\n\u00dcbermittlung dieser Informationen an Pinterest von der betroffenen Person nicht\ngewollt, kann diese die \u00dcbermittlung dadurch verhindern, dass sie sich vor\neinem Aufruf unserer Internetseite aus ihrem Pinterest-Account ausloggt.<\/p>\n\n\n\n<p>Die von\nPinterest ver\u00f6ffentlichte Datenschutzrichtlinie, die unter\nhttps:\/\/about.pinterest.com\/privacy-policy abrufbar ist, gibt Aufschluss \u00fcber\ndie Erhebung, Verarbeitung und Nutzung personenbezogener Daten durch Pinterest.<\/p>\n\n\n\n<p><strong>18.\nDatenschutzbestimmungen zu Einsatz und Verwendung von Shariff<\/strong><br>\nDer f\u00fcr die Verarbeitung Verantwortliche hat auf dieser Internetseite die\nKomponente Shariff integriert. Die Shariff-Komponente stellt\nSocial-Media-Buttons zur Verf\u00fcgung, die datenschutzkonform sind. Shariff wurde\nf\u00fcr die deutsche Computerzeitschrift c\u2019t entwickelt und wird \u00fcber die GitHub,\nInc. publiziert.<\/p>\n\n\n\n<p>Entwickler\nder Komponente ist GitHub, Inc. 88 Colin P. Kelly Junior Street, San Francisco,\nCA 94107, USA.<\/p>\n\n\n\n<p>\u00dcblicherweise\n\u00fcbertragen die von den sozialen Netzwerken bereitgestellten Button-L\u00f6sungen\nbereits dann personenbezogene Daten an das jeweilige soziale Netzwerk, wenn ein\nNutzer eine Internetseite besucht, in welche ein Social-Media-Button integriert\nwurde. Durch die Nutzung der Shariff-Komponente werden erst dann\npersonenbezogene Daten an soziale Netzwerke \u00fcbermittelt, wenn der Besucher\neiner Internetseite aktiv einen der Social-Media-Buttons bet\u00e4tigt. Weitere\nInformationen zur Shariff-Komponente werden von der Computerzeitschrift c\u2019t\nunter\nhttp:\/\/www.heise.de\/newsticker\/meldung\/Datenschutz-und-Social-Media-Der-c-t-Shariff-ist-im-Einsatz-2470103.html\nbereitgehalten. Der Einsatz der Shariff-Komponente hat den Zweck, die\npersonenbezogenen Daten der Besucher unserer Internetseite zu sch\u00fctzen und uns\ngleichzeitig zu erm\u00f6glichen, eine Button-L\u00f6sung f\u00fcr soziale Netzwerke auf dieser\nInternetseite zu integrieren.<\/p>\n\n\n\n<p>Weitere\nInformationen und die geltenden Datenschutzbestimmungen von GitHub k\u00f6nnen unter\nhttps:\/\/help.github.com\/articles\/github-privacy-policy\/ abgerufen werden.<\/p>\n\n\n\n<p><strong>19.\nRechtsgrundlage der Verarbeitung<\/strong><br>\nArt. 6 I lit. a DS-GVO dient unserem Unternehmen als Rechtsgrundlage f\u00fcr\nVerarbeitungsvorg\u00e4nge, bei denen wir eine Einwilligung f\u00fcr einen bestimmten\nVerarbeitungszweck einholen. Ist die Verarbeitung personenbezogener Daten zur\nErf\u00fcllung eines Vertrags, dessen Vertragspartei die betroffene Person ist,\nerforderlich, wie dies beispielsweise bei Verarbeitungsvorg\u00e4ngen der Fall ist,\ndie f\u00fcr eine Lieferung von Waren oder die Erbringung einer sonstigen Leistung\noder Gegenleistung notwendig sind, so beruht die Verarbeitung auf Art. 6 I lit.\nb DS-GVO. Gleiches gilt f\u00fcr solche Verarbeitungsvorg\u00e4nge die zur Durchf\u00fchrung\nvorvertraglicher Ma\u00dfnahmen erforderlich sind, etwa in F\u00e4llen von Anfragen zur\nunseren Produkten oder Leistungen. Unterliegt unser Unternehmen einer\nrechtlichen Verpflichtung durch welche eine Verarbeitung von personenbezogenen\nDaten erforderlich wird, wie beispielsweise zur Erf\u00fcllung steuerlicher\nPflichten, so basiert die Verarbeitung auf Art. 6 I lit. c DS-GVO. In seltenen\nF\u00e4llen k\u00f6nnte die Verarbeitung von personenbezogenen Daten erforderlich werden,\num lebenswichtige Interessen der betroffenen Person oder einer anderen\nnat\u00fcrlichen Person zu sch\u00fctzen. Dies w\u00e4re beispielsweise der Fall, wenn ein\nBesucher in unserem Betrieb verletzt werden w\u00fcrde und daraufhin sein Name, sein\nAlter, seine Krankenkassendaten oder sonstige lebenswichtige Informationen an\neinen Arzt, ein Krankenhaus oder sonstige Dritte weitergegeben werden m\u00fcssten.\nDann w\u00fcrde die Verarbeitung auf Art. 6 I lit. d DS-GVO beruhen. Letztlich\nk\u00f6nnten Verarbeitungsvorg\u00e4nge auf Art. 6 I lit. f DS-GVO beruhen. Auf dieser\nRechtsgrundlage basieren Verarbeitungsvorg\u00e4nge, die von keiner der vorgenannten\nRechtsgrundlagen erfasst werden, wenn die Verarbeitung zur Wahrung eines\nberechtigten Interesses unseres Unternehmens oder eines Dritten erforderlich\nist, sofern die Interessen, Grundrechte und Grundfreiheiten des Betroffenen\nnicht \u00fcberwiegen. Solche Verarbeitungsvorg\u00e4nge sind uns insbesondere deshalb\ngestattet, weil sie durch den Europ\u00e4ischen Gesetzgeber besonders erw\u00e4hnt wurden.\nEr vertrat insoweit die Auffassung, dass ein berechtigtes Interesse anzunehmen\nsein k\u00f6nnte, wenn die betroffene Person ein Kunde des Verantwortlichen ist\n(Erw\u00e4gungsgrund 47 Satz 2 DS-GVO).<\/p>\n\n\n\n<p><strong>20.\nBerechtigte Interessen an der Verarbeitung, die von dem Verantwortlichen oder\neinem Dritten verfolgt werden<\/strong><br>\nBasiert die Verarbeitung personenbezogener Daten auf Artikel 6 I lit. f DS-GVO\nist unser berechtigtes Interesse die Durchf\u00fchrung unserer Gesch\u00e4ftst\u00e4tigkeit\nzugunsten des Wohlergehens all unserer Mitarbeiter und unserer Anteilseigner.<\/p>\n\n\n\n<p><strong>21. Dauer,\nf\u00fcr die die personenbezogenen Daten gespeichert werden<\/strong><br>\nDas Kriterium f\u00fcr die Dauer der Speicherung von personenbezogenen Daten ist die\njeweilige gesetzliche Aufbewahrungsfrist. Nach Ablauf der Frist werden die\nentsprechenden Daten routinem\u00e4\u00dfig gel\u00f6scht, sofern sie nicht mehr zur\nVertragserf\u00fcllung oder Vertragsanbahnung erforderlich sind.<\/p>\n\n\n\n<p><strong>22.\nGesetzliche oder vertragliche Vorschriften zur Bereitstellung der\npersonenbezogenen Daten; Erforderlichkeit f\u00fcr den Vertragsabschluss;\nVerpflichtung der betroffenen Person, die personenbezogenen Daten\nbereitzustellen; m\u00f6gliche Folgen der Nichtbereitstellung<\/strong><br>\nWir kl\u00e4ren Sie dar\u00fcber auf, dass die Bereitstellung personenbezogener Daten zum\nTeil gesetzlich vorgeschrieben ist (z.B. Steuervorschriften) oder sich auch aus\nvertraglichen Regelungen (z.B. Angaben zum Vertragspartner) ergeben kann.\nMitunter kann es zu einem Vertragsschluss erforderlich sein, dass eine\nbetroffene Person uns personenbezogene Daten zur Verf\u00fcgung stellt, die in der Folge\ndurch uns verarbeitet werden m\u00fcssen. Die betroffene Person ist beispielsweise\nverpflichtet uns personenbezogene Daten bereitzustellen, wenn unser Unternehmen\nmit ihr einen Vertrag abschlie\u00dft. Eine Nichtbereitstellung der\npersonenbezogenen Daten h\u00e4tte zur Folge, dass der Vertrag mit dem Betroffenen\nnicht geschlossen werden k\u00f6nnte. Vor einer Bereitstellung personenbezogener\nDaten durch den Betroffenen muss sich der Betroffene an einen unserer\nMitarbeiter wenden. Unser Mitarbeiter kl\u00e4rt den Betroffenen einzelfallbezogen\ndar\u00fcber auf, ob die Bereitstellung der personenbezogenen Daten gesetzlich oder\nvertraglich vorgeschrieben oder f\u00fcr den Vertragsabschluss erforderlich ist, ob\neine Verpflichtung besteht, die personenbezogenen Daten bereitzustellen, und\nwelche Folgen die Nichtbereitstellung der personenbezogenen Daten h\u00e4tte.<\/p>\n\n\n\n<p><strong>23. Bestehen\neiner automatisierten Entscheidungsfindung<\/strong><br>\nAls verantwortungsbewusstes Unternehmen verzichten wir auf eine automatische\nEntscheidungsfindung oder ein Profiling.<\/p>\n\n\n\n<p>Diese\nDatenschutzerkl\u00e4rung wurde durch den Datenschutzerkl\u00e4rungs-Generator der DGD\nDeutsche Gesellschaft f\u00fcr Datenschutz GmbH,<br>\ndie als <a href=\"https:\/\/dg-datenschutz.de\/datenschutz-dienstleistungen\/externer-datenschutzbeauftragter\/\">https:\/\/dg-datenschutz.de\/datenschutz-dienstleistungen\/externer-datenschutzbeauftragter\/<\/a>&nbsp;Externer\nDatenschutzbeauftragter Freising t\u00e4tig ist, in Kooperation mit dem <a href=\"https:\/\/www.wbs-law.de\/it-recht\/datenschutzrecht\">https:\/\/www.wbs-law.de\/it-recht\/datenschutzrecht<\/a> Anwalt f\u00fcr Datenschutzrecht\nChristian Solmecke erstellt.<\/p>\n","protected":false},"excerpt":{"rendered":"<p>Datenschutzerkl\u00e4rung (DSGVO) Wir freuen uns sehr \u00fcber Ihr Interesse an unserem Unternehmen. Datenschutz hat einen besonders hohen Stellenwert f\u00fcr die Gesch\u00e4ftsleitung von Whisky &amp; Cigar Ambassador by Dirk James Vetter. Eine Nutzung der Internetseiten von Whisky &amp; Cigar Ambassador by Dirk James Vetter ist grunds\u00e4tzlich ohne jede Angabe personenbezogener Daten m\u00f6glich. Sofern eine betroffene Person [&hellip;]<\/p>\n","protected":false},"author":1,"featured_media":0,"parent":0,"menu_order":0,"comment_status":"closed","ping_status":"closed","template":"","meta":{"footnotes":""},"class_list":["post-237","page","type-page","status-publish","hentry"],"_links":{"self":[{"href":"https:\/\/whisky-cigar-ambassador.de\/index.php?rest_route=\/wp\/v2\/pages\/237","targetHints":{"allow":["GET"]}}],"collection":[{"href":"https:\/\/whisky-cigar-ambassador.de\/index.php?rest_route=\/wp\/v2\/pages"}],"about":[{"href":"https:\/\/whisky-cigar-ambassador.de\/index.php?rest_route=\/wp\/v2\/types\/page"}],"author":[{"embeddable":true,"href":"https:\/\/whisky-cigar-ambassador.de\/index.php?rest_route=\/wp\/v2\/users\/1"}],"replies":[{"embeddable":true,"href":"https:\/\/whisky-cigar-ambassador.de\/index.php?rest_route=%2Fwp%2Fv2%2Fcomments&post=237"}],"version-history":[{"count":3,"href":"https:\/\/whisky-cigar-ambassador.de\/index.php?rest_route=\/wp\/v2\/pages\/237\/revisions"}],"predecessor-version":[{"id":1531,"href":"https:\/\/whisky-cigar-ambassador.de\/index.php?rest_route=\/wp\/v2\/pages\/237\/revisions\/1531"}],"wp:attachment":[{"href":"https:\/\/whisky-cigar-ambassador.de\/index.php?rest_route=%2Fwp%2Fv2%2Fmedia&parent=237"}],"curies":[{"name":"wp","href":"https:\/\/api.w.org\/{rel}","templated":true}]}}